{"id":26295,"date":"2025-12-19T12:23:42","date_gmt":"2025-12-19T15:23:42","guid":{"rendered":"https:\/\/blue-kingfisher-291148.hostingersite.com\/?post_type=csem_em_foco&#038;p=26295"},"modified":"2026-09-02T14:24:59","modified_gmt":"2026-09-02T17:24:59","slug":"call-for-papers-convocatoria-da-serie-ecumene-recebe-textos-que-analisam-o-tema-hermeneuticas-fronteiricas-desafios-a-teologia-das-migracoes","status":"publish","type":"csem_em_foco","link":"https:\/\/csem.org.br\/en\/csem_em_foco\/call-for-papers-convocatoria-da-serie-ecumene-recebe-textos-que-analisam-o-tema-hermeneuticas-fronteiricas-desafios-a-teologia-das-migracoes\/","title":{"rendered":"Call for papers: the Ecumene Series welcomes texts analyzing the theme \u201cBorder Hermeneutics: Challenges for the Theology of Migration\u201d"},"content":{"rendered":"<p class=\"wp-block-paragraph\"><\/p>\n\n\n\n<p class=\"wp-block-paragraph\">A editora do Centro Scalabriniano de Estudos Migrat\u00f3rios (CSEM), a Confedera\u00e7\u00e3o Latino-Americana de Religiosos (CLAR) e os organizadores deste volume convidam pesquisadores, professores, estudantes de p\u00f3s-gradua\u00e7\u00e3o e profissionais que trabalham em contextos eclesiais com popula\u00e7\u00f5es em situa\u00e7\u00e3o de mobilidade humana a colaborar na produ\u00e7\u00e3o da S\u00e9rie Ecumene com propostas de artigos sobre tema: <strong>\u201cHermen\u00eauticas Fronteiri\u00e7as: desafios \u00e0 teologia das migra\u00e7\u00f5es\u201d.<\/strong><\/p>\n\n\n\n<p class=\"wp-block-paragraph\">O volume abrange temas, interpreta\u00e7\u00f5es, metodologias e linguagens que ajudam a repensar a f\u00e9, a identidade e a experi\u00eancia humana a partir das fronteiras e do cotidiano migrat\u00f3rio. Convidamos autoras e autores a contribuir com textos que desenvolvam respostas a partir da Teologia das Migra\u00e7\u00f5es (TdM) aos desafios enfrentados pelas pessoas em situa\u00e7\u00e3o de migra\u00e7\u00e3o, a partir de perspectivas cr\u00edticas sobre mobilidade e fronteira, interseccionais, decoloniais, queer ou de justi\u00e7a social, entre outras.<\/p>\n\n\n\n<p class=\"wp-block-paragraph\">As contribui\u00e7\u00f5es poder\u00e3o abordar tanto as motiva\u00e7\u00f5es que impulsionam as mobilidades humanas quanto as experi\u00eancias concretas vividas por migrantes e refugiados, entre elas: vulnerabilidade; discrimina\u00e7\u00e3o; desenraizamento; e as diversas formas de viol\u00eancia e explora\u00e7\u00e3o, incluindo a viol\u00eancia sexual que afeta especialmente as mulheres. Al\u00e9m disso, poder\u00e3o explorar as transforma\u00e7\u00f5es identit\u00e1rias, espirituais, familiares e comunit\u00e1rias que surgem ao longo dos processos migrat\u00f3rios.&nbsp;<\/p>\n\n\n\n<p class=\"wp-block-paragraph\">O edital completo est\u00e1 dispon\u00edvel no <a href=\"https:\/\/www.csem.org.br\/wp-content\/uploads\/2025\/12\/Convocatoria-de-articulos-Ecumene-7.pdf\">link<\/a>. Pessoas interessadas devem realizar a pr\u00e9-inscri\u00e7\u00e3o at\u00e9 30 de setembro de 2026. A publica\u00e7\u00e3o est\u00e1 prevista para o segundo semestre de 2027.<\/p>\n\n\n\n<p class=\"wp-block-paragraph\">Para mais informa\u00e7\u00f5es ou perguntas, escreva para <a href=\"mailto:assessoria@csem.org.br\">assessoria@csem.org.br<\/a>.<br><\/p>\n\n\n\n<p class=\"wp-block-paragraph\"><\/p>\n\n\n\n<hr class=\"wp-block-separator has-alpha-channel-opacity\"\/>\n\n\n\n<p class=\"wp-block-paragraph\"><\/p>\n\n\n\n<p class=\"wp-block-paragraph\">La editorial del Centro Scalabriniano de Estudios Migratorios (CSEM), la Confederaci\u00f3n Latinoamericana de Religiosos (CLAR) y los organizadores de este volumen, a trav\u00e9s de esta convocatoria, invitan a investigadores, profesores, estudiantes de posgrado y profesionales que trabajan en contextos eclesiales con poblaciones en situaci\u00f3n de movilidad humana a colaborar en la producci\u00f3n de la Colecci\u00f3n Serie Ecumene centrada en el tema: <strong>\u201cHermen\u00e9uticas fronterizas: desaf\u00edos para la teolog\u00eda de las migraciones\u201d.<\/strong>&nbsp;<\/p>\n\n\n\n<p class=\"wp-block-paragraph\">El volumen busca profundizar en esta cuesti\u00f3n, explorando temas, interpretaciones, metodolog\u00edas y lenguajes que ayudan a repensar la fe, la identidad y la experiencia humana desde las fronteras y la cotidianidad migratoria. Invitamos a autoras y autores a contribuir con textos que desarrollen respuestas desde la Teolog\u00eda de las Migraciones (TdM) a desaf\u00edos que enfrentan las personas en la migraci\u00f3n desde perspectivas cr\u00edticas de la movilidad y la frontera, interseccionales, decolonial, queer o de justicia social, entre otras.<\/p>\n\n\n\n<p class=\"wp-block-paragraph\">Las contribuciones podr\u00e1n abordar tanto las motivaciones que impulsan las movilidades humanas como las experiencias concretas que atraviesan las personas migrantes y refugiadas, entre ellas: vulnerabilidad; discriminaci\u00f3n; desarraigo; y las diversas formas de violencia y explotaci\u00f3n, incluida la violencia sexual que afecta especialmente a las mujeres. Asimismo, podr\u00e1n explorar las transformaciones identitarias, espirituales, familiares y comunitarias que emergen a lo largo de los procesos migratorios.<\/p>\n\n\n\n<p class=\"wp-block-paragraph\">La convocatoria completa est\u00e1 disponible en el&nbsp;<a href=\"https:\/\/www.csem.org.br\/wp-content\/uploads\/2025\/12\/Convocatoria-de-articulos-Ecumene-7.pdf\">link<\/a>. Las personas interesadas<br>deben hacer la preinscripci\u00f3n hasta el 30 de septiembre de 2026. La publicaci\u00f3n est\u00e1 prevista para el segundo semestre de 2027.<\/p>\n\n\n\n<p class=\"wp-block-paragraph\">Para m\u00e1s informaci\u00f3n o preguntas, escriba a <a href=\"mailto:assessoria@csem.org.br\">assessoria@csem.org.br<\/a>.<\/p>\n\n\n\n<p class=\"wp-block-paragraph\"><\/p>\n\n\n\n<hr class=\"wp-block-separator has-alpha-channel-opacity\"\/>\n\n\n\n<p class=\"wp-block-paragraph\">The Scalabrinian Centre for Migration Studies (CSEM) Publishing House, the Latin American Confederation of Religious (CLAR), and the organizers of this volume hereby invite researchers, professors, graduate students, and professionals working in ecclesial contexts with populations in situations of human mobility to collaborate in the production of the Ecumene Series Collection, focusing on the theme: \u201c<strong>Border Hermeneutics: challenges to the Theology of Migration\u201d.<\/strong><\/p>\n\n\n\n<p class=\"wp-block-paragraph\">The volume seeks to delve deeper into this question, exploring themes, interpretations, <strong><\/strong>methodologies and languages that help to rethink faith, identity and the human <strong><\/strong>experience from the perspective of borders and the everyday realities of migration. <strong><\/strong>We invite authors to contribute papers that develop responses, grounded in the <strong><\/strong>Theology of Migration (TM), to the challenges faced by people in migration from <strong><\/strong>critical perspectives on mobility and borders, as well as intersectional, decolonial, <strong><\/strong>queer or social justice perspectives, amongst others.<\/p>\n\n\n\n<p class=\"wp-block-paragraph\">Contributions may address both the motivations driving human mobility and<\/p>\n\n\n\n<p class=\"wp-block-paragraph\">the concrete experiences faced by migrants and refugees, including: vulnerability; discrimination; uprooting; and the various forms of violence and exploitation, including sexual violence which particularly affects women. They may also explore the transformations in identity, spirituality, family life and community that emerge throughout migratory processes.<\/p>\n\n\n\n<p class=\"wp-block-paragraph\">The full call for papers is available at the <a href=\"http:\/\/csem.org.br\/wp-content\/uploads\/2025\/12\/Call-for-papers-Ecumene-7.pdf\">link<\/a>. Interested authors must pre-<br>register till September 30, 2026. The publishing is scheduled for the second semester of 2027.<\/p>\n\n\n\n<p class=\"wp-block-paragraph\">For more information or questions, please write to <a href=\"mailto:assessoria@csem.org.br\">assessoria@csem.org.br<\/a>.&nbsp;<\/p>\n\n\n\n<p class=\"wp-block-paragraph\"><\/p>\n\n\n\n<p class=\"wp-block-paragraph\"><\/p>","protected":false},"featured_media":26342,"parent":0,"template":"","categories":[],"class_list":["post-26295","csem_em_foco","type-csem_em_foco","status-publish","has-post-thumbnail","hentry"],"acf":[],"yoast_head":"<!-- This site is optimized with the Yoast SEO plugin v28.4 - https:\/\/yoast.com\/product\/yoast-seo-wordpress\/ -->\n<title>Call for papers: convocat\u00f3ria da S\u00e9rie Ecumene recebe textos que analisam o tema \u201cHermen\u00eauticas Fronteiri\u00e7as: desafios \u00e0 Teologia das Migra\u00e7\u00f5es\u201d - CSEM - Centro Scalabriniano de Estudos Migrat\u00f3rios<\/title>\n<meta name=\"robots\" content=\"index, follow, max-snippet:-1, max-image-preview:large, max-video-preview:-1\" \/>\n<link rel=\"canonical\" href=\"https:\/\/csem.org.br\/en\/csem_em_foco\/call-for-papers-convocatoria-da-serie-ecumene-recebe-textos-que-analisam-o-tema-hermeneuticas-fronteiricas-desafios-a-teologia-das-migracoes\/\" \/>\n<meta property=\"og:locale\" content=\"en_US\" \/>\n<meta property=\"og:type\" content=\"article\" \/>\n<meta property=\"og:title\" content=\"Call for papers: convocat\u00f3ria da S\u00e9rie Ecumene recebe textos que analisam o tema \u201cHermen\u00eauticas Fronteiri\u00e7as: desafios \u00e0 Teologia das Migra\u00e7\u00f5es\u201d - CSEM - Centro Scalabriniano de Estudos Migrat\u00f3rios\" \/>\n<meta property=\"og:description\" content=\"A editora do Centro Scalabriniano de Estudos Migrat\u00f3rios (CSEM), a Confedera\u00e7\u00e3o Latino-Americana de Religiosos (CLAR) e os organizadores deste volume convidam pesquisadores, professores, estudantes de p\u00f3s-gradua\u00e7\u00e3o e profissionais que trabalham em contextos eclesiais com popula\u00e7\u00f5es em situa\u00e7\u00e3o de mobilidade humana a colaborar na produ\u00e7\u00e3o da S\u00e9rie Ecumene com propostas de artigos sobre tema: \u201cHermen\u00eauticas Fronteiri\u00e7as: [&hellip;]\" \/>\n<meta property=\"og:url\" content=\"https:\/\/csem.org.br\/en\/csem_em_foco\/call-for-papers-convocatoria-da-serie-ecumene-recebe-textos-que-analisam-o-tema-hermeneuticas-fronteiricas-desafios-a-teologia-das-migracoes\/\" \/>\n<meta property=\"og:site_name\" content=\"CSEM - Centro Scalabriniano de Estudos Migrat\u00f3rios\" \/>\n<meta property=\"article:modified_time\" content=\"2026-09-02T17:24:59+00:00\" \/>\n<meta property=\"og:image\" content=\"https:\/\/csem.org.br\/wp-content\/uploads\/2025\/12\/545454545.jpg\" \/>\n\t<meta property=\"og:image:width\" content=\"1080\" \/>\n\t<meta property=\"og:image:height\" content=\"1350\" \/>\n\t<meta property=\"og:image:type\" content=\"image\/jpeg\" \/>\n<meta name=\"twitter:card\" content=\"summary_large_image\" \/>\n<meta name=\"twitter:label1\" content=\"Est. reading time\" \/>\n\t<meta name=\"twitter:data1\" content=\"5 minutes\" \/>\n<script type=\"application\/ld+json\" class=\"yoast-schema-graph\">{\"@context\":\"https:\\\/\\\/schema.org\",\"@graph\":[{\"@type\":\"WebPage\",\"@id\":\"https:\\\/\\\/csem.org.br\\\/csem_em_foco\\\/call-for-papers-convocatoria-da-serie-ecumene-recebe-textos-que-analisam-o-tema-hermeneuticas-fronteiricas-desafios-a-teologia-das-migracoes\\\/\",\"url\":\"https:\\\/\\\/csem.org.br\\\/csem_em_foco\\\/call-for-papers-convocatoria-da-serie-ecumene-recebe-textos-que-analisam-o-tema-hermeneuticas-fronteiricas-desafios-a-teologia-das-migracoes\\\/\",\"name\":\"Call for papers: convocat\u00f3ria da S\u00e9rie Ecumene recebe textos que analisam o tema \u201cHermen\u00eauticas Fronteiri\u00e7as: desafios \u00e0 Teologia das Migra\u00e7\u00f5es\u201d - CSEM - Centro Scalabriniano de Estudos Migrat\u00f3rios\",\"isPartOf\":{\"@id\":\"https:\\\/\\\/csem.org.br\\\/en\\\/#website\"},\"primaryImageOfPage\":{\"@id\":\"https:\\\/\\\/csem.org.br\\\/csem_em_foco\\\/call-for-papers-convocatoria-da-serie-ecumene-recebe-textos-que-analisam-o-tema-hermeneuticas-fronteiricas-desafios-a-teologia-das-migracoes\\\/#primaryimage\"},\"image\":{\"@id\":\"https:\\\/\\\/csem.org.br\\\/csem_em_foco\\\/call-for-papers-convocatoria-da-serie-ecumene-recebe-textos-que-analisam-o-tema-hermeneuticas-fronteiricas-desafios-a-teologia-das-migracoes\\\/#primaryimage\"},\"thumbnailUrl\":\"https:\\\/\\\/csem.org.br\\\/wp-content\\\/uploads\\\/2025\\\/12\\\/545454545.jpg\",\"datePublished\":\"2025-12-19T15:23:42+00:00\",\"dateModified\":\"2026-09-02T17:24:59+00:00\",\"breadcrumb\":{\"@id\":\"https:\\\/\\\/csem.org.br\\\/csem_em_foco\\\/call-for-papers-convocatoria-da-serie-ecumene-recebe-textos-que-analisam-o-tema-hermeneuticas-fronteiricas-desafios-a-teologia-das-migracoes\\\/#breadcrumb\"},\"inLanguage\":\"en-US\",\"potentialAction\":[{\"@type\":\"ReadAction\",\"target\":[\"https:\\\/\\\/csem.org.br\\\/csem_em_foco\\\/call-for-papers-convocatoria-da-serie-ecumene-recebe-textos-que-analisam-o-tema-hermeneuticas-fronteiricas-desafios-a-teologia-das-migracoes\\\/\"]}]},{\"@type\":\"ImageObject\",\"inLanguage\":\"en-US\",\"@id\":\"https:\\\/\\\/csem.org.br\\\/csem_em_foco\\\/call-for-papers-convocatoria-da-serie-ecumene-recebe-textos-que-analisam-o-tema-hermeneuticas-fronteiricas-desafios-a-teologia-das-migracoes\\\/#primaryimage\",\"url\":\"https:\\\/\\\/csem.org.br\\\/wp-content\\\/uploads\\\/2025\\\/12\\\/545454545.jpg\",\"contentUrl\":\"https:\\\/\\\/csem.org.br\\\/wp-content\\\/uploads\\\/2025\\\/12\\\/545454545.jpg\",\"width\":1080,\"height\":1350},{\"@type\":\"BreadcrumbList\",\"@id\":\"https:\\\/\\\/csem.org.br\\\/csem_em_foco\\\/call-for-papers-convocatoria-da-serie-ecumene-recebe-textos-que-analisam-o-tema-hermeneuticas-fronteiricas-desafios-a-teologia-das-migracoes\\\/#breadcrumb\",\"itemListElement\":[{\"@type\":\"ListItem\",\"position\":1,\"name\":\"In\u00edcio\",\"item\":\"https:\\\/\\\/csem.org.br\\\/en\\\/\"},{\"@type\":\"ListItem\",\"position\":2,\"name\":\"CSEM em foco\",\"item\":\"https:\\\/\\\/csem.org.br\\\/it\\\/csem_em_foco\\\/\"},{\"@type\":\"ListItem\",\"position\":3,\"name\":\"Call for papers: convocat\u00f3ria da S\u00e9rie Ecumene recebe textos que analisam o tema \u201cHermen\u00eauticas Fronteiri\u00e7as: desafios \u00e0 Teologia das Migra\u00e7\u00f5es\u201d\"}]},{\"@type\":\"WebSite\",\"@id\":\"https:\\\/\\\/csem.org.br\\\/en\\\/#website\",\"url\":\"https:\\\/\\\/csem.org.br\\\/en\\\/\",\"name\":\"CSEM - Centro Scalabriniano de Estudos Migrat\u00f3rios\",\"description\":\"\",\"publisher\":{\"@id\":\"https:\\\/\\\/csem.org.br\\\/en\\\/#organization\"},\"potentialAction\":[{\"@type\":\"SearchAction\",\"target\":{\"@type\":\"EntryPoint\",\"urlTemplate\":\"https:\\\/\\\/csem.org.br\\\/en\\\/?s={search_term_string}\"},\"query-input\":{\"@type\":\"PropertyValueSpecification\",\"valueRequired\":true,\"valueName\":\"search_term_string\"}}],\"inLanguage\":\"en-US\"},{\"@type\":\"Organization\",\"@id\":\"https:\\\/\\\/csem.org.br\\\/en\\\/#organization\",\"name\":\"CSEM - Centro Scalabriniano de Estudos Migrat\u00f3rios\",\"url\":\"https:\\\/\\\/csem.org.br\\\/en\\\/\",\"logo\":{\"@type\":\"ImageObject\",\"inLanguage\":\"en-US\",\"@id\":\"https:\\\/\\\/csem.org.br\\\/en\\\/#\\\/schema\\\/logo\\\/image\\\/\",\"url\":\"https:\\\/\\\/csem.org.br\\\/wp-content\\\/uploads\\\/2023\\\/07\\\/LOGO-2.png\",\"contentUrl\":\"https:\\\/\\\/csem.org.br\\\/wp-content\\\/uploads\\\/2023\\\/07\\\/LOGO-2.png\",\"width\":3620,\"height\":1537,\"caption\":\"CSEM - Centro Scalabriniano de Estudos Migrat\u00f3rios\"},\"image\":{\"@id\":\"https:\\\/\\\/csem.org.br\\\/en\\\/#\\\/schema\\\/logo\\\/image\\\/\"},\"sameAs\":[\"https:\\\/\\\/www.instagram.com\\\/csem_scalabrinianas\\\/\"]}]}<\/script>\n<!-- \/ Yoast SEO plugin. -->","yoast_head_json":{"title":"Call for papers: convocat\u00f3ria da S\u00e9rie Ecumene recebe textos que analisam o tema \u201cHermen\u00eauticas Fronteiri\u00e7as: desafios \u00e0 Teologia das Migra\u00e7\u00f5es\u201d - CSEM - Centro Scalabriniano de Estudos Migrat\u00f3rios","robots":{"index":"index","follow":"follow","max-snippet":"max-snippet:-1","max-image-preview":"max-image-preview:large","max-video-preview":"max-video-preview:-1"},"canonical":"https:\/\/csem.org.br\/en\/csem_em_foco\/call-for-papers-convocatoria-da-serie-ecumene-recebe-textos-que-analisam-o-tema-hermeneuticas-fronteiricas-desafios-a-teologia-das-migracoes\/","og_locale":"en_US","og_type":"article","og_title":"Call for papers: convocat\u00f3ria da S\u00e9rie Ecumene recebe textos que analisam o tema \u201cHermen\u00eauticas Fronteiri\u00e7as: desafios \u00e0 Teologia das Migra\u00e7\u00f5es\u201d - CSEM - Centro Scalabriniano de Estudos Migrat\u00f3rios","og_description":"A editora do Centro Scalabriniano de Estudos Migrat\u00f3rios (CSEM), a Confedera\u00e7\u00e3o Latino-Americana de Religiosos (CLAR) e os organizadores deste volume convidam pesquisadores, professores, estudantes de p\u00f3s-gradua\u00e7\u00e3o e profissionais que trabalham em contextos eclesiais com popula\u00e7\u00f5es em situa\u00e7\u00e3o de mobilidade humana a colaborar na produ\u00e7\u00e3o da S\u00e9rie Ecumene com propostas de artigos sobre tema: \u201cHermen\u00eauticas Fronteiri\u00e7as: [&hellip;]","og_url":"https:\/\/csem.org.br\/en\/csem_em_foco\/call-for-papers-convocatoria-da-serie-ecumene-recebe-textos-que-analisam-o-tema-hermeneuticas-fronteiricas-desafios-a-teologia-das-migracoes\/","og_site_name":"CSEM - Centro Scalabriniano de Estudos Migrat\u00f3rios","article_modified_time":"2026-09-02T17:24:59+00:00","og_image":[{"width":1080,"height":1350,"url":"https:\/\/csem.org.br\/wp-content\/uploads\/2025\/12\/545454545.jpg","type":"image\/jpeg"}],"twitter_card":"summary_large_image","twitter_misc":{"Est. reading time":"5 minutes"},"schema":{"@context":"https:\/\/schema.org","@graph":[{"@type":"WebPage","@id":"https:\/\/csem.org.br\/csem_em_foco\/call-for-papers-convocatoria-da-serie-ecumene-recebe-textos-que-analisam-o-tema-hermeneuticas-fronteiricas-desafios-a-teologia-das-migracoes\/","url":"https:\/\/csem.org.br\/csem_em_foco\/call-for-papers-convocatoria-da-serie-ecumene-recebe-textos-que-analisam-o-tema-hermeneuticas-fronteiricas-desafios-a-teologia-das-migracoes\/","name":"Call for papers: convocat\u00f3ria da S\u00e9rie Ecumene recebe textos que analisam o tema \u201cHermen\u00eauticas Fronteiri\u00e7as: desafios \u00e0 Teologia das Migra\u00e7\u00f5es\u201d - CSEM - Centro Scalabriniano de Estudos Migrat\u00f3rios","isPartOf":{"@id":"https:\/\/csem.org.br\/en\/#website"},"primaryImageOfPage":{"@id":"https:\/\/csem.org.br\/csem_em_foco\/call-for-papers-convocatoria-da-serie-ecumene-recebe-textos-que-analisam-o-tema-hermeneuticas-fronteiricas-desafios-a-teologia-das-migracoes\/#primaryimage"},"image":{"@id":"https:\/\/csem.org.br\/csem_em_foco\/call-for-papers-convocatoria-da-serie-ecumene-recebe-textos-que-analisam-o-tema-hermeneuticas-fronteiricas-desafios-a-teologia-das-migracoes\/#primaryimage"},"thumbnailUrl":"https:\/\/csem.org.br\/wp-content\/uploads\/2025\/12\/545454545.jpg","datePublished":"2025-12-19T15:23:42+00:00","dateModified":"2026-09-02T17:24:59+00:00","breadcrumb":{"@id":"https:\/\/csem.org.br\/csem_em_foco\/call-for-papers-convocatoria-da-serie-ecumene-recebe-textos-que-analisam-o-tema-hermeneuticas-fronteiricas-desafios-a-teologia-das-migracoes\/#breadcrumb"},"inLanguage":"en-US","potentialAction":[{"@type":"ReadAction","target":["https:\/\/csem.org.br\/csem_em_foco\/call-for-papers-convocatoria-da-serie-ecumene-recebe-textos-que-analisam-o-tema-hermeneuticas-fronteiricas-desafios-a-teologia-das-migracoes\/"]}]},{"@type":"ImageObject","inLanguage":"en-US","@id":"https:\/\/csem.org.br\/csem_em_foco\/call-for-papers-convocatoria-da-serie-ecumene-recebe-textos-que-analisam-o-tema-hermeneuticas-fronteiricas-desafios-a-teologia-das-migracoes\/#primaryimage","url":"https:\/\/csem.org.br\/wp-content\/uploads\/2025\/12\/545454545.jpg","contentUrl":"https:\/\/csem.org.br\/wp-content\/uploads\/2025\/12\/545454545.jpg","width":1080,"height":1350},{"@type":"BreadcrumbList","@id":"https:\/\/csem.org.br\/csem_em_foco\/call-for-papers-convocatoria-da-serie-ecumene-recebe-textos-que-analisam-o-tema-hermeneuticas-fronteiricas-desafios-a-teologia-das-migracoes\/#breadcrumb","itemListElement":[{"@type":"ListItem","position":1,"name":"In\u00edcio","item":"https:\/\/csem.org.br\/en\/"},{"@type":"ListItem","position":2,"name":"CSEM em foco","item":"https:\/\/csem.org.br\/it\/csem_em_foco\/"},{"@type":"ListItem","position":3,"name":"Call for papers: convocat\u00f3ria da S\u00e9rie Ecumene recebe textos que analisam o tema \u201cHermen\u00eauticas Fronteiri\u00e7as: desafios \u00e0 Teologia das Migra\u00e7\u00f5es\u201d"}]},{"@type":"WebSite","@id":"https:\/\/csem.org.br\/en\/#website","url":"https:\/\/csem.org.br\/en\/","name":"CSEM - Scalabrinian Center for Migration Studies","description":"","publisher":{"@id":"https:\/\/csem.org.br\/en\/#organization"},"potentialAction":[{"@type":"SearchAction","target":{"@type":"EntryPoint","urlTemplate":"https:\/\/csem.org.br\/en\/?s={search_term_string}"},"query-input":{"@type":"PropertyValueSpecification","valueRequired":true,"valueName":"search_term_string"}}],"inLanguage":"en-US"},{"@type":"Organization","@id":"https:\/\/csem.org.br\/en\/#organization","name":"CSEM - Scalabrinian Center for Migration Studies","url":"https:\/\/csem.org.br\/en\/","logo":{"@type":"ImageObject","inLanguage":"en-US","@id":"https:\/\/csem.org.br\/en\/#\/schema\/logo\/image\/","url":"https:\/\/csem.org.br\/wp-content\/uploads\/2023\/07\/LOGO-2.png","contentUrl":"https:\/\/csem.org.br\/wp-content\/uploads\/2023\/07\/LOGO-2.png","width":3620,"height":1537,"caption":"CSEM - Centro Scalabriniano de Estudos Migrat\u00f3rios"},"image":{"@id":"https:\/\/csem.org.br\/en\/#\/schema\/logo\/image\/"},"sameAs":["https:\/\/www.instagram.com\/csem_scalabrinianas\/"]}]}},"_links":{"self":[{"href":"https:\/\/csem.org.br\/en\/wp-json\/wp\/v2\/csem_em_foco\/26295","targetHints":{"allow":["GET"]}}],"collection":[{"href":"https:\/\/csem.org.br\/en\/wp-json\/wp\/v2\/csem_em_foco"}],"about":[{"href":"https:\/\/csem.org.br\/en\/wp-json\/wp\/v2\/types\/csem_em_foco"}],"wp:featuredmedia":[{"embeddable":true,"href":"https:\/\/csem.org.br\/en\/wp-json\/wp\/v2\/media\/26342"}],"wp:attachment":[{"href":"https:\/\/csem.org.br\/en\/wp-json\/wp\/v2\/media?parent=26295"}],"wp:term":[{"taxonomy":"category","embeddable":true,"href":"https:\/\/csem.org.br\/en\/wp-json\/wp\/v2\/categories?post=26295"}],"curies":[{"name":"wp","href":"https:\/\/api.w.org\/{rel}","templated":true}]}}