{"id":14376,"date":"2018-05-21T11:54:25","date_gmt":"2018-05-21T14:54:25","guid":{"rendered":"https:\/\/blue-kingfisher-291148.hostingersite.com\/?post_type=csem_em_foco&#038;p=14376"},"modified":"2023-07-21T16:23:59","modified_gmt":"2023-07-21T19:23:59","slug":"remhu-52-direito-a-cidade-segregacao-e-lutas-pela-cidadania","status":"publish","type":"csem_em_foco","link":"https:\/\/csem.org.br\/es\/csem_em_foco\/remhu-52-direito-a-cidade-segregacao-e-lutas-pela-cidadania\/","title":{"rendered":"REMHU 52: Direito \u00e0 cidade: segrega\u00e7\u00e3o e lutas pela cidadania"},"content":{"rendered":"<div class=\"section\">\n<p style=\"text-align: justify;\">Acaba de publicarse el n\u00famero 52 de REMHU, la Revista Interdisciplinaria de Movilidad Humana, con un dossier sobre el tema:\u00a0<em>\"Derecho a la ciudad: segregaci\u00f3n y luchas por la ciudadan\u00eda<\/em>\". Todos los art\u00edculos est\u00e1n disponibles en el sitio SciELO Brasil (<a href=\"http:\/\/www.scielo.br\/scielo.php?script=sci_issuetoc&amp;pid=1980-858520170001&amp;lng=pt&amp;nrm=iso\" target=\"_blank\" rel=\"noopener\">www.scielo.br\/remhu<\/a>).<\/p>\n<p>Consulte el resumen a continuaci\u00f3n:<\/p>\n<h4><span style=\"font-size: 1em;\">Editorial<\/span><\/h4>\n<p><a href=\"http:\/\/www.scielo.br\/pdf\/remhu\/v26n52\/2237-9843-remhu-26-52-007.pdf\" target=\"_blank\" rel=\"noopener\">Derecho de los inmigrantes y refugiados a la ciudad<\/a>\u00a0- Roberto Marinucci<\/p>\n<\/div>\n<div class=\"section\">\n<h4>Dossier<\/h4>\n<p><a href=\"http:\/\/www.scielo.br\/pdf\/remhu\/v26n52\/2237-9843-remhu-26-52-011.pdf\" target=\"_blank\" rel=\"noopener\">La citt\u00e0-rifugio: una declinazione dell'accoglienza tra solidariet\u00e0 e autonomia<\/a>\u00a0- Filippo Furri<\/p>\n<p><a href=\"http:\/\/www.scielo.br\/pdf\/remhu\/v26n52\/2237-9843-remhu-26-52-037.pdf\" target=\"_blank\" rel=\"noopener\">La construcci\u00f3n de un sujeto pol\u00edtico: los migrantes y la lucha por la vivienda en Buenos Aires<\/a>\u00a0- Luciana Vaccotti<\/p>\n<div class=\"obj_article_summary\">\n<div class=\"meta\">\n<p class=\"pages\"><a href=\"http:\/\/www.scielo.br\/pdf\/remhu\/v26n52\/2237-9843-remhu-26-52-055.pdf\" target=\"_blank\" rel=\"noopener\">A pesar de la ciudadan\u00eda. Autonom\u00eda de los inmigrantes y derecho a la ciudad: la ocupaci\u00f3n del Ex-Moi en Tur\u00edn<\/a>\u00a0- Antonio Stopani, Marta Pampuro<\/p>\n<\/div>\n<\/div>\n<p><a href=\"http:\/\/www.scielo.br\/pdf\/remhu\/v26n52\/2237-9843-remhu-26-52-075.pdf\" target=\"_blank\" rel=\"noopener\">Migrantes haitianos y bolivianos en la ciudad de S\u00e3o Paulo: transformaciones econ\u00f3micas y territorialidades migrantes<\/a>\u00a0- Lu\u00eds Felipe Aires Magalh\u00e3es, L\u00facia Maria Machado B\u00f3gus, Rosana Baeninger<\/p>\n<p><a href=\"http:\/\/www.scielo.br\/pdf\/remhu\/v26n52\/2237-9843-remhu-26-52-095.pdf\" target=\"_blank\" rel=\"noopener\">\"Hay que tener buen aspecto para vender\": La producci\u00f3n senegalesa de espacios de venta en Santa Maria (Rio Grande do Sul, Brasil)\u00a0<\/a>- Filipe Seefeldt de C\u00e9saro, Maria Catarina Chitolina Zanini<\/p>\n<p><a href=\"http:\/\/www.scielo.br\/pdf\/remhu\/v26n52\/2237-9843-remhu-26-52-111.pdf\" target=\"_blank\" rel=\"noopener\">Una infraestructura musulmana de llegada a R\u00edo de Janeiro<\/a>\u00a0- Tilmann Heil<\/p>\n<p><a href=\"http:\/\/www.scielo.br\/pdf\/remhu\/v26n52\/2237-9843-remhu-26-52-131.pdf\" target=\"_blank\" rel=\"noopener\">Si la champa se hunde, yo no me ahogo. El pueblo afrocolombiano: de la desterritorializaci\u00f3n a los territorios afrourbanos<\/a>\u00a0&#8211;\u00a0Santiago\u00a0Ram\u00edrez Sarabia<\/p>\n<p class=\"pages\"><a href=\"http:\/\/www.scielo.br\/pdf\/remhu\/v26n52\/2237-9843-remhu-26-52-149.pdf\" target=\"_blank\" rel=\"noopener\">Gobernando la migraci\u00f3n y la diversidad urbana en la Ciudad de M\u00e9xico: una reflexi\u00f3n cr\u00edtica sobre la Ley Intercultural<\/a>\u00a0- Roberta Marzorati, Giovanna Marconi<\/p>\n<p class=\"pages\"><a href=\"http:\/\/www.scielo.br\/pdf\/remhu\/v26n52\/2237-9843-remhu-26-52-167.pdf\" target=\"_blank\" rel=\"noopener\">El autob\u00fas como espacio p\u00fablico. Multiculturalismo y etnograf\u00eda urbana en Mil\u00e1n<\/a>\u00a0- Paola Briata, Massimo Bricocoli, Martina Bovo<\/p>\n<p class=\"pages\"><a href=\"http:\/\/www.scielo.br\/pdf\/remhu\/v26n52\/2237-9843-remhu-26-52-189.pdf\" target=\"_blank\" rel=\"noopener\">Detr\u00e1s de los patrones de asentamiento: interrogando los mapas de distribuci\u00f3n espacial de los migrantes regionales en el conurbano bonaerense<\/a>\u00a0- Gabriela Mera<\/p>\n<\/div>\n<p class=\"section\"><strong>Art\u00edculos<\/strong><\/p>\n<p><a href=\"http:\/\/www.scielo.br\/pdf\/remhu\/v26n52\/2237-9843-remhu-26-52-209.pdf\" target=\"_blank\" rel=\"noopener\">Atenci\u00f3n a las familias con hijos discapacitados en los conflictos migratorios. Escenarios que incluyen Bolonia<\/a>\u00a0- Emanuela Bini<\/p>\n<p class=\"pages\"><a href=\"http:\/\/www.scielo.br\/pdf\/remhu\/v26n52\/2237-9843-remhu-26-52-223.pdf\" target=\"_blank\" rel=\"noopener\">Percepci\u00f3n brasile\u00f1a del proceso de adaptaci\u00f3n cultural a Jap\u00f3n<\/a>\u00a0- Jesselyn Nayara Tashima, Cl\u00e1udio Vaz Torres<\/p>\n<p class=\"pages\"><a href=\"http:\/\/www.scielo.br\/pdf\/remhu\/v26n52\/2237-9843-remhu-26-52-243.pdf\" target=\"_blank\" rel=\"noopener\">Frente al discurso dominante: las remesas desde la perspectiva de la experiencia mexicana<\/a>\u00a0- Ra\u00fal Delgado Wise, Selene Gaspar Olvera<\/p>\n<p class=\"pages\"><strong>Informes y reflexiones<\/strong><\/p>\n<p><a href=\"http:\/\/www.scielo.br\/pdf\/remhu\/v26n52\/2237-9843-remhu-26-52-265.pdf\" target=\"_blank\" rel=\"noopener\">Estrategias de mediaci\u00f3n en el proceso de integraci\u00f3n entre los inmigrantes y la iglesia local. La experiencia de la pastoral gay intercultural en el contexto checo.<\/a>\u00a0- Milva Caro<\/p>\n<p class=\"pages\"><strong>Rese\u00f1as, tesis y disertaciones<\/strong><\/p>\n<p><a href=\"http:\/\/www.scielo.br\/pdf\/remhu\/v26n52\/2237-9843-remhu-26-52-273.pdf\" target=\"_blank\" rel=\"noopener\">Brasile\u00f1os en Estados Unidos - Medio siglo (re)haciendo Am\u00e9rica (1960 - 2010)<\/a>\u00a0- Alanni de Lacerda Barbosa de Castro, Alvaro Eduardo de Castro Lima<\/p>\n<p class=\"pages\"><strong><a href=\"http:\/\/www.scielo.br\/pdf\/remhu\/v26n52\/2237-9843-remhu-26-52-276.pdf\" target=\"_blank\" rel=\"noopener\">Errata<\/a><\/strong><\/p>\n<p class=\"pages\" style=\"text-align: center;\"><strong><img fetchpriority=\"high\" decoding=\"async\" class=\"alignleft size-400 wp-image-14377\" src=\"http:\/\/csem.org.br\/wp-content\/uploads\/2018\/08\/REMHU_52_v2-400x567.png\" alt=\"\" width=\"400\" height=\"567\" \/><\/strong><\/p>","protected":false},"featured_media":0,"parent":0,"template":"","categories":[43],"class_list":["post-14376","csem_em_foco","type-csem_em_foco","status-publish","hentry","category-2018-csem-em-foco"],"acf":[],"yoast_head":"<!-- This site is optimized with the Yoast SEO plugin v28.4 - https:\/\/yoast.com\/product\/yoast-seo-wordpress\/ -->\n<title>REMHU 52: Direito \u00e0 cidade: segrega\u00e7\u00e3o e lutas pela cidadania - CSEM - Centro Scalabriniano de Estudos Migrat\u00f3rios<\/title>\n<meta name=\"robots\" content=\"index, follow, max-snippet:-1, max-image-preview:large, max-video-preview:-1\" \/>\n<link rel=\"canonical\" href=\"https:\/\/csem.org.br\/es\/csem_em_foco\/remhu-52-direito-a-cidade-segregacao-e-lutas-pela-cidadania\/\" \/>\n<meta property=\"og:locale\" content=\"es_ES\" \/>\n<meta property=\"og:type\" content=\"article\" \/>\n<meta property=\"og:title\" content=\"REMHU 52: Direito \u00e0 cidade: segrega\u00e7\u00e3o e lutas pela cidadania - CSEM - Centro Scalabriniano de Estudos Migrat\u00f3rios\" \/>\n<meta property=\"og:description\" content=\"Acaba de ser publicado o n. 52 da REMHU, Revista Interdisciplinar da Mobilidade Humana com um dossi\u00ea sobre o tema:\u00a0&#8220;Direito \u00e0 cidade: segrega\u00e7\u00e3o e lutas pela cidadania&#8220;. Todos os artigos est\u00e3o dispon\u00edveis no site SciELO Brasil (www.scielo.br\/remhu). Confira abaixo o sum\u00e1rio: Editorial Direito \u00e0 cidade de migrantes e refugiados\u00a0&#8211; Roberto Marinucci Dossi\u00ea La citt\u00e0-rifugio: una [&hellip;]\" \/>\n<meta property=\"og:url\" content=\"https:\/\/csem.org.br\/es\/csem_em_foco\/remhu-52-direito-a-cidade-segregacao-e-lutas-pela-cidadania\/\" \/>\n<meta property=\"og:site_name\" content=\"CSEM - Centro Scalabriniano de Estudos Migrat\u00f3rios\" \/>\n<meta property=\"article:modified_time\" content=\"2023-07-21T19:23:59+00:00\" \/>\n<meta property=\"og:image\" content=\"http:\/\/csem.org.br\/wp-content\/uploads\/2018\/08\/REMHU_52_v2-400x567.png\" \/>\n<meta name=\"twitter:card\" content=\"summary_large_image\" \/>\n<meta name=\"twitter:label1\" content=\"Tiempo de lectura\" \/>\n\t<meta name=\"twitter:data1\" content=\"2 minutos\" \/>\n<script type=\"application\/ld+json\" class=\"yoast-schema-graph\">{\"@context\":\"https:\\\/\\\/schema.org\",\"@graph\":[{\"@type\":\"WebPage\",\"@id\":\"https:\\\/\\\/csem.org.br\\\/it\\\/csem_em_foco\\\/remhu-52-direito-a-cidade-segregacao-e-lutas-pela-cidadania\\\/\",\"url\":\"https:\\\/\\\/csem.org.br\\\/it\\\/csem_em_foco\\\/remhu-52-direito-a-cidade-segregacao-e-lutas-pela-cidadania\\\/\",\"name\":\"REMHU 52: Direito \u00e0 cidade: segrega\u00e7\u00e3o e lutas pela cidadania - CSEM - Centro Scalabriniano de Estudos Migrat\u00f3rios\",\"isPartOf\":{\"@id\":\"https:\\\/\\\/csem.org.br\\\/en\\\/#website\"},\"primaryImageOfPage\":{\"@id\":\"https:\\\/\\\/csem.org.br\\\/it\\\/csem_em_foco\\\/remhu-52-direito-a-cidade-segregacao-e-lutas-pela-cidadania\\\/#primaryimage\"},\"image\":{\"@id\":\"https:\\\/\\\/csem.org.br\\\/it\\\/csem_em_foco\\\/remhu-52-direito-a-cidade-segregacao-e-lutas-pela-cidadania\\\/#primaryimage\"},\"thumbnailUrl\":\"http:\\\/\\\/csem.org.br\\\/wp-content\\\/uploads\\\/2018\\\/08\\\/REMHU_52_v2-400x567.png\",\"datePublished\":\"2018-05-21T14:54:25+00:00\",\"dateModified\":\"2023-07-21T19:23:59+00:00\",\"breadcrumb\":{\"@id\":\"https:\\\/\\\/csem.org.br\\\/it\\\/csem_em_foco\\\/remhu-52-direito-a-cidade-segregacao-e-lutas-pela-cidadania\\\/#breadcrumb\"},\"inLanguage\":\"es\",\"potentialAction\":[{\"@type\":\"ReadAction\",\"target\":[\"https:\\\/\\\/csem.org.br\\\/it\\\/csem_em_foco\\\/remhu-52-direito-a-cidade-segregacao-e-lutas-pela-cidadania\\\/\"]}]},{\"@type\":\"ImageObject\",\"inLanguage\":\"es\",\"@id\":\"https:\\\/\\\/csem.org.br\\\/it\\\/csem_em_foco\\\/remhu-52-direito-a-cidade-segregacao-e-lutas-pela-cidadania\\\/#primaryimage\",\"url\":\"http:\\\/\\\/csem.org.br\\\/wp-content\\\/uploads\\\/2018\\\/08\\\/REMHU_52_v2-400x567.png\",\"contentUrl\":\"http:\\\/\\\/csem.org.br\\\/wp-content\\\/uploads\\\/2018\\\/08\\\/REMHU_52_v2-400x567.png\"},{\"@type\":\"BreadcrumbList\",\"@id\":\"https:\\\/\\\/csem.org.br\\\/it\\\/csem_em_foco\\\/remhu-52-direito-a-cidade-segregacao-e-lutas-pela-cidadania\\\/#breadcrumb\",\"itemListElement\":[{\"@type\":\"ListItem\",\"position\":1,\"name\":\"In\u00edcio\",\"item\":\"https:\\\/\\\/csem.org.br\\\/en\\\/\"},{\"@type\":\"ListItem\",\"position\":2,\"name\":\"CSEM em foco\",\"item\":\"https:\\\/\\\/csem.org.br\\\/it\\\/csem_em_foco\\\/\"},{\"@type\":\"ListItem\",\"position\":3,\"name\":\"REMHU 52: Direito \u00e0 cidade: segrega\u00e7\u00e3o e lutas pela cidadania\"}]},{\"@type\":\"WebSite\",\"@id\":\"https:\\\/\\\/csem.org.br\\\/en\\\/#website\",\"url\":\"https:\\\/\\\/csem.org.br\\\/en\\\/\",\"name\":\"CSEM - Centro Scalabriniano de Estudos Migrat\u00f3rios\",\"description\":\"\",\"publisher\":{\"@id\":\"https:\\\/\\\/csem.org.br\\\/en\\\/#organization\"},\"potentialAction\":[{\"@type\":\"SearchAction\",\"target\":{\"@type\":\"EntryPoint\",\"urlTemplate\":\"https:\\\/\\\/csem.org.br\\\/en\\\/?s={search_term_string}\"},\"query-input\":{\"@type\":\"PropertyValueSpecification\",\"valueRequired\":true,\"valueName\":\"search_term_string\"}}],\"inLanguage\":\"es\"},{\"@type\":\"Organization\",\"@id\":\"https:\\\/\\\/csem.org.br\\\/en\\\/#organization\",\"name\":\"CSEM - Centro Scalabriniano de Estudos Migrat\u00f3rios\",\"url\":\"https:\\\/\\\/csem.org.br\\\/en\\\/\",\"logo\":{\"@type\":\"ImageObject\",\"inLanguage\":\"es\",\"@id\":\"https:\\\/\\\/csem.org.br\\\/en\\\/#\\\/schema\\\/logo\\\/image\\\/\",\"url\":\"https:\\\/\\\/csem.org.br\\\/wp-content\\\/uploads\\\/2023\\\/07\\\/LOGO-2.png\",\"contentUrl\":\"https:\\\/\\\/csem.org.br\\\/wp-content\\\/uploads\\\/2023\\\/07\\\/LOGO-2.png\",\"width\":3620,\"height\":1537,\"caption\":\"CSEM - Centro Scalabriniano de Estudos Migrat\u00f3rios\"},\"image\":{\"@id\":\"https:\\\/\\\/csem.org.br\\\/en\\\/#\\\/schema\\\/logo\\\/image\\\/\"},\"sameAs\":[\"https:\\\/\\\/www.instagram.com\\\/csem_scalabrinianas\\\/\"]}]}<\/script>\n<!-- \/ Yoast SEO plugin. -->","yoast_head_json":{"title":"REMHU 52: Direito \u00e0 cidade: segrega\u00e7\u00e3o e lutas pela cidadania - CSEM - Centro Scalabriniano de Estudos Migrat\u00f3rios","robots":{"index":"index","follow":"follow","max-snippet":"max-snippet:-1","max-image-preview":"max-image-preview:large","max-video-preview":"max-video-preview:-1"},"canonical":"https:\/\/csem.org.br\/es\/csem_em_foco\/remhu-52-direito-a-cidade-segregacao-e-lutas-pela-cidadania\/","og_locale":"es_ES","og_type":"article","og_title":"REMHU 52: Direito \u00e0 cidade: segrega\u00e7\u00e3o e lutas pela cidadania - CSEM - Centro Scalabriniano de Estudos Migrat\u00f3rios","og_description":"Acaba de ser publicado o n. 52 da REMHU, Revista Interdisciplinar da Mobilidade Humana com um dossi\u00ea sobre o tema:\u00a0&#8220;Direito \u00e0 cidade: segrega\u00e7\u00e3o e lutas pela cidadania&#8220;. Todos os artigos est\u00e3o dispon\u00edveis no site SciELO Brasil (www.scielo.br\/remhu). Confira abaixo o sum\u00e1rio: Editorial Direito \u00e0 cidade de migrantes e refugiados\u00a0&#8211; Roberto Marinucci Dossi\u00ea La citt\u00e0-rifugio: una [&hellip;]","og_url":"https:\/\/csem.org.br\/es\/csem_em_foco\/remhu-52-direito-a-cidade-segregacao-e-lutas-pela-cidadania\/","og_site_name":"CSEM - Centro Scalabriniano de Estudos Migrat\u00f3rios","article_modified_time":"2023-07-21T19:23:59+00:00","og_image":[{"url":"http:\/\/csem.org.br\/wp-content\/uploads\/2018\/08\/REMHU_52_v2-400x567.png","type":"","width":"","height":""}],"twitter_card":"summary_large_image","twitter_misc":{"Tiempo de lectura":"2 minutos"},"schema":{"@context":"https:\/\/schema.org","@graph":[{"@type":"WebPage","@id":"https:\/\/csem.org.br\/it\/csem_em_foco\/remhu-52-direito-a-cidade-segregacao-e-lutas-pela-cidadania\/","url":"https:\/\/csem.org.br\/it\/csem_em_foco\/remhu-52-direito-a-cidade-segregacao-e-lutas-pela-cidadania\/","name":"REMHU 52: Direito \u00e0 cidade: segrega\u00e7\u00e3o e lutas pela cidadania - CSEM - Centro Scalabriniano de Estudos Migrat\u00f3rios","isPartOf":{"@id":"https:\/\/csem.org.br\/en\/#website"},"primaryImageOfPage":{"@id":"https:\/\/csem.org.br\/it\/csem_em_foco\/remhu-52-direito-a-cidade-segregacao-e-lutas-pela-cidadania\/#primaryimage"},"image":{"@id":"https:\/\/csem.org.br\/it\/csem_em_foco\/remhu-52-direito-a-cidade-segregacao-e-lutas-pela-cidadania\/#primaryimage"},"thumbnailUrl":"http:\/\/csem.org.br\/wp-content\/uploads\/2018\/08\/REMHU_52_v2-400x567.png","datePublished":"2018-05-21T14:54:25+00:00","dateModified":"2023-07-21T19:23:59+00:00","breadcrumb":{"@id":"https:\/\/csem.org.br\/it\/csem_em_foco\/remhu-52-direito-a-cidade-segregacao-e-lutas-pela-cidadania\/#breadcrumb"},"inLanguage":"es","potentialAction":[{"@type":"ReadAction","target":["https:\/\/csem.org.br\/it\/csem_em_foco\/remhu-52-direito-a-cidade-segregacao-e-lutas-pela-cidadania\/"]}]},{"@type":"ImageObject","inLanguage":"es","@id":"https:\/\/csem.org.br\/it\/csem_em_foco\/remhu-52-direito-a-cidade-segregacao-e-lutas-pela-cidadania\/#primaryimage","url":"http:\/\/csem.org.br\/wp-content\/uploads\/2018\/08\/REMHU_52_v2-400x567.png","contentUrl":"http:\/\/csem.org.br\/wp-content\/uploads\/2018\/08\/REMHU_52_v2-400x567.png"},{"@type":"BreadcrumbList","@id":"https:\/\/csem.org.br\/it\/csem_em_foco\/remhu-52-direito-a-cidade-segregacao-e-lutas-pela-cidadania\/#breadcrumb","itemListElement":[{"@type":"ListItem","position":1,"name":"In\u00edcio","item":"https:\/\/csem.org.br\/en\/"},{"@type":"ListItem","position":2,"name":"CSEM em foco","item":"https:\/\/csem.org.br\/it\/csem_em_foco\/"},{"@type":"ListItem","position":3,"name":"REMHU 52: Direito \u00e0 cidade: segrega\u00e7\u00e3o e lutas pela cidadania"}]},{"@type":"WebSite","@id":"https:\/\/csem.org.br\/en\/#website","url":"https:\/\/csem.org.br\/en\/","name":"CSEM - Centro Scalabriniano de Estudios sobre Migraciones","description":"","publisher":{"@id":"https:\/\/csem.org.br\/en\/#organization"},"potentialAction":[{"@type":"SearchAction","target":{"@type":"EntryPoint","urlTemplate":"https:\/\/csem.org.br\/en\/?s={search_term_string}"},"query-input":{"@type":"PropertyValueSpecification","valueRequired":true,"valueName":"search_term_string"}}],"inLanguage":"es"},{"@type":"Organization","@id":"https:\/\/csem.org.br\/en\/#organization","name":"CSEM - Centro Scalabriniano de Estudios sobre Migraciones","url":"https:\/\/csem.org.br\/en\/","logo":{"@type":"ImageObject","inLanguage":"es","@id":"https:\/\/csem.org.br\/en\/#\/schema\/logo\/image\/","url":"https:\/\/csem.org.br\/wp-content\/uploads\/2023\/07\/LOGO-2.png","contentUrl":"https:\/\/csem.org.br\/wp-content\/uploads\/2023\/07\/LOGO-2.png","width":3620,"height":1537,"caption":"CSEM - Centro Scalabriniano de Estudos Migrat\u00f3rios"},"image":{"@id":"https:\/\/csem.org.br\/en\/#\/schema\/logo\/image\/"},"sameAs":["https:\/\/www.instagram.com\/csem_scalabrinianas\/"]}]}},"_links":{"self":[{"href":"https:\/\/csem.org.br\/es\/wp-json\/wp\/v2\/csem_em_foco\/14376","targetHints":{"allow":["GET"]}}],"collection":[{"href":"https:\/\/csem.org.br\/es\/wp-json\/wp\/v2\/csem_em_foco"}],"about":[{"href":"https:\/\/csem.org.br\/es\/wp-json\/wp\/v2\/types\/csem_em_foco"}],"wp:attachment":[{"href":"https:\/\/csem.org.br\/es\/wp-json\/wp\/v2\/media?parent=14376"}],"wp:term":[{"taxonomy":"category","embeddable":true,"href":"https:\/\/csem.org.br\/es\/wp-json\/wp\/v2\/categories?post=14376"}],"curies":[{"name":"wp","href":"https:\/\/api.w.org\/{rel}","templated":true}]}}