{"id":14368,"date":"2018-01-10T11:48:53","date_gmt":"2018-01-10T13:48:53","guid":{"rendered":"https:\/\/blue-kingfisher-291148.hostingersite.com\/?post_type=csem_em_foco&#038;p=14368"},"modified":"2023-07-21T16:23:59","modified_gmt":"2023-07-21T19:23:59","slug":"remhu-51-migracoes-no-mediterraneo","status":"publish","type":"csem_em_foco","link":"https:\/\/csem.org.br\/it\/csem_em_foco\/remhu-51-migracoes-no-mediterraneo\/","title":{"rendered":"REMHU 51: Migra\u00e7\u00f5es no Mediterr\u00e2neo"},"content":{"rendered":"<p style=\"text-align: justify;\">Acaba de ser publicado o n. 51 da REMHU, Revista Interdisciplinar da Mobilidade Humana com um dossi\u00ea sobre o tema:\u00a0<em>&#8220;Migra\u00e7\u00f5es no Mediterr\u00e2neo: entre fronteiras e acolhimento<\/em>\". Tutti gli articoli sono disponibili sul sito web di SciELO Brasile (<a href=\"http:\/\/www.scielo.br\/scielo.php?script=sci_issuetoc&amp;pid=1980-858520170001&amp;lng=pt&amp;nrm=iso\" target=\"_blank\" rel=\"noopener\">www.scielo.br\/remhu<\/a>).<\/p>\n<p style=\"text-align: justify;\">Consultate il riepilogo qui di seguito:<\/p>\n<p><strong>EDITORIALE<\/strong><\/p>\n<p><a href=\"http:\/\/www.scielo.br\/pdf\/remhu\/v25n51\/1980-8585-remhu-25-51-007.pdf\" target=\"_blank\" rel=\"noopener\">As migra\u00e7\u00f5es \u201csecurit\u00e1rias\u201d no Mediterr\u00e2neo<\/a>\u00a0-\u00a0<em>Roberto Marinucci<\/em><\/p>\n<p><strong>DOSSI\u00ca: \u201cMIGRA\u00c7\u00d5ES NO MEDITERR\u00c2NEO: ENTRE FRONTEIRAS E ACOLHIMENTO\u201d<\/strong><\/p>\n<p><a href=\"http:\/\/www.scielo.br\/pdf\/remhu\/v25n51\/1980-8585-remhu-25-51-011.pdf\" target=\"_blank\" rel=\"noopener\">Dimensiones reales y simb\u00f3licas de la \u201ccrisis de refugiados\u201d en Europa: un an\u00e1lisis cr\u00edtico desde Portugal<\/a>\u00a0&#8211; Beatriz Padilla, Alejandro Goldberg<\/p>\n<p><a href=\"http:\/\/www.scielo.br\/pdf\/remhu\/v25n51\/1980-8585-remhu-25-51-029.pdf\" target=\"_blank\" rel=\"noopener\">A pol\u00edtica de acolhimento dos refugiados &#8211; considera\u00e7\u00f5es sobre o caso portugu\u00eas<\/a>\u00a0&#8211;\u00a0 Bruno Ferreira Costa, G\u00e9ssica Teles<\/p>\n<p><a href=\"http:\/\/www.scielo.br\/pdf\/remhu\/v25n51\/1980-8585-remhu-25-51-047.pdf\" target=\"_blank\" rel=\"noopener\">Os assim chamados \u201ccorredores humanit\u00e1rios\u201d e o poss\u00edvel papel da sociedade civil nas pol\u00edticas de ref\u00fagio e migra\u00e7\u00e3o regular<\/a>\u00a0&#8211;\u00a0Paolo Morozzo Della Rocca<\/p>\n<p><a href=\"http:\/\/www.scielo.br\/pdf\/remhu\/v25n51\/1980-8585-remhu-25-51-059.pdf\" target=\"_blank\" rel=\"noopener\">The third way. Humanitarian corridors in peacetime as a (local) civil society response to a EU\u2019s common failure\u00a0<\/a>&#8211; Pedro Gois, Giulia Falchi<\/p>\n<p><a href=\"http:\/\/www.scielo.br\/pdf\/remhu\/v25n51\/1980-8585-remhu-25-51-077.pdf\" target=\"_blank\" rel=\"noopener\">Crossing alone the Mediterranean Sea. Some critical issues about unaccompanied minors in Europe<\/a>\u00a0&#8211; Giovanni Giulio Valtolina, Marina D\u2019Odorico<\/p>\n<p><a href=\"http:\/\/www.scielo.br\/pdf\/remhu\/v25n51\/1980-8585-remhu-25-51-095.pdf\" target=\"_blank\" rel=\"noopener\">Refugee crisis representation on German online press: the case of Aylan Kurdi<\/a>\u00a0&#8211;\u00a0David Ram\u00edrez Plascencia<\/p>\n<p><a href=\"http:\/\/www.scielo.br\/pdf\/remhu\/v25n51\/1980-8585-remhu-25-51-109.pdf\" target=\"_blank\" rel=\"noopener\">Fronteras en movimiento: \u00bfhacia d\u00f3nde va la seguridad cuando la soberan\u00eda migra?<\/a>\u00a0&#8211; Elspeth Guild<\/p>\n<p><strong>ARTICOLI<\/strong><\/p>\n<p><a href=\"http:\/\/www.scielo.br\/pdf\/remhu\/v25n51\/1980-8585-remhu-25-51-129.pdf\" target=\"_blank\" rel=\"noopener\">A benevol\u00eancia \u00e0 prova dos exclu\u00eddos: rela\u00e7\u00f5es entre volunt\u00e1rios e usu\u00e1rios de um centro de sa\u00fade humanit\u00e1rio franc\u00eas<\/a>\u00a0&#8211; Jaqueline Ferreira<\/p>\n<p><a href=\"http:\/\/www.scielo.br\/pdf\/remhu\/v25n51\/1980-8585-remhu-25-51-149.pdf\" target=\"_blank\" rel=\"noopener\">Migraci\u00f3n, salud y g\u00e9nero: abordajes de proveedores de salud en la atenci\u00f3n de mujeres migrantes bolivianas en la provincia de Mendoza, Argentina<\/a>\u00a0&#8211;\u00a0Lila Aizenberg, Gabriela Maure<\/p>\n<p><a href=\"http:\/\/www.scielo.br\/pdf\/remhu\/v25n51\/1980-8585-remhu-25-51-165.pdf\" target=\"_blank\" rel=\"noopener\">B\u00edblia e Pastoral da Mobilidade Humana<\/a>\u00a0&#8211; Elizangela Chaves Dias<\/p>\n<p><a href=\"http:\/\/www.scielo.br\/pdf\/remhu\/v25n51\/1980-8585-remhu-25-51-181.pdf\" target=\"_blank\" rel=\"noopener\">Replanteando el debate sobre migraciones internacionales y desarrollo: nuevas direcciones y evidencias<\/a>\u00a0&#8211;\u00a0Mar\u00eda Del Carmen Villarreal Villamar<\/p>\n<p><strong>RELAZIONI E RIFLESSIONI<\/strong><\/p>\n<p><a href=\"http:\/\/www.scielo.br\/pdf\/remhu\/v25n51\/1980-8585-remhu-25-51-199.pdf\" target=\"_blank\" rel=\"noopener\">Uma fronteira com fronteiras: notas de trabalho de campo na fronteira de Ressano Garcia, Mo\u00e7ambique<\/a>\u00a0&#8211; Paulo Ingl\u00eas<\/p>\n<p><strong>RECENSIONI, TESI E DISSERTAZIONI<\/strong><\/p>\n<p><a href=\"http:\/\/www.scielo.br\/pdf\/remhu\/v25n51\/1980-8585-remhu-25-51-205.pdf\" target=\"_blank\" rel=\"noopener\">Rebus immigrazione, por Giuseppe Sciortino<\/a>\u00a0&#8211;\u00a0 Roberto Marinucci<\/p>\n<p><strong>SOBRE OS AUTORES<\/strong><\/p>\n<p><strong>\u00a0<\/strong><\/p>\n<p style=\"text-align: center;\"><img fetchpriority=\"high\" decoding=\"async\" class=\"alignleft size-400 wp-image-14369\" src=\"http:\/\/csem.org.br\/wp-content\/uploads\/2018\/08\/Capa_51_peq-400x577.png\" alt=\"\" width=\"400\" height=\"577\" \/><\/p>","protected":false},"featured_media":0,"parent":0,"template":"","categories":[43],"class_list":["post-14368","csem_em_foco","type-csem_em_foco","status-publish","hentry","category-2018-csem-em-foco"],"acf":[],"yoast_head":"<!-- This site is optimized with the Yoast SEO plugin v28.4 - https:\/\/yoast.com\/product\/yoast-seo-wordpress\/ -->\n<title>REMHU 51: Migra\u00e7\u00f5es no Mediterr\u00e2neo - CSEM - Centro Scalabriniano de Estudos Migrat\u00f3rios<\/title>\n<meta name=\"robots\" content=\"index, follow, max-snippet:-1, max-image-preview:large, max-video-preview:-1\" \/>\n<link rel=\"canonical\" href=\"https:\/\/csem.org.br\/it\/csem_em_foco\/remhu-51-migracoes-no-mediterraneo\/\" \/>\n<meta property=\"og:locale\" content=\"it_IT\" \/>\n<meta property=\"og:type\" content=\"article\" \/>\n<meta property=\"og:title\" content=\"REMHU 51: Migra\u00e7\u00f5es no Mediterr\u00e2neo - CSEM - Centro Scalabriniano de Estudos Migrat\u00f3rios\" \/>\n<meta property=\"og:description\" content=\"Acaba de ser publicado o n. 51 da REMHU, Revista Interdisciplinar da Mobilidade Humana com um dossi\u00ea sobre o tema:\u00a0&#8220;Migra\u00e7\u00f5es no Mediterr\u00e2neo: entre fronteiras e acolhimento&#8220;. Todos os artigos est\u00e3o dispon\u00edveis no site SciELO Brasil (www.scielo.br\/remhu). Confira abaixo o sum\u00e1rio: EDITORIAL As migra\u00e7\u00f5es \u201csecurit\u00e1rias\u201d no Mediterr\u00e2neo\u00a0&#8211;\u00a0Roberto Marinucci DOSSI\u00ca: \u201cMIGRA\u00c7\u00d5ES NO MEDITERR\u00c2NEO: ENTRE FRONTEIRAS E ACOLHIMENTO\u201d [&hellip;]\" \/>\n<meta property=\"og:url\" content=\"https:\/\/csem.org.br\/it\/csem_em_foco\/remhu-51-migracoes-no-mediterraneo\/\" \/>\n<meta property=\"og:site_name\" content=\"CSEM - Centro Scalabriniano de Estudos Migrat\u00f3rios\" \/>\n<meta property=\"article:modified_time\" content=\"2023-07-21T19:23:59+00:00\" \/>\n<meta property=\"og:image\" content=\"http:\/\/csem.org.br\/wp-content\/uploads\/2018\/08\/Capa_51_peq-400x577.png\" \/>\n<meta name=\"twitter:card\" content=\"summary_large_image\" \/>\n<meta name=\"twitter:label1\" content=\"Tempo di lettura stimato\" \/>\n\t<meta name=\"twitter:data1\" content=\"2 minuti\" \/>\n<script type=\"application\/ld+json\" class=\"yoast-schema-graph\">{\"@context\":\"https:\\\/\\\/schema.org\",\"@graph\":[{\"@type\":\"WebPage\",\"@id\":\"https:\\\/\\\/csem.org.br\\\/csem_em_foco\\\/remhu-51-migracoes-no-mediterraneo\\\/\",\"url\":\"https:\\\/\\\/csem.org.br\\\/csem_em_foco\\\/remhu-51-migracoes-no-mediterraneo\\\/\",\"name\":\"REMHU 51: Migra\u00e7\u00f5es no Mediterr\u00e2neo - CSEM - Centro Scalabriniano de Estudos Migrat\u00f3rios\",\"isPartOf\":{\"@id\":\"https:\\\/\\\/csem.org.br\\\/en\\\/#website\"},\"primaryImageOfPage\":{\"@id\":\"https:\\\/\\\/csem.org.br\\\/csem_em_foco\\\/remhu-51-migracoes-no-mediterraneo\\\/#primaryimage\"},\"image\":{\"@id\":\"https:\\\/\\\/csem.org.br\\\/csem_em_foco\\\/remhu-51-migracoes-no-mediterraneo\\\/#primaryimage\"},\"thumbnailUrl\":\"http:\\\/\\\/csem.org.br\\\/wp-content\\\/uploads\\\/2018\\\/08\\\/Capa_51_peq-400x577.png\",\"datePublished\":\"2018-01-10T13:48:53+00:00\",\"dateModified\":\"2023-07-21T19:23:59+00:00\",\"breadcrumb\":{\"@id\":\"https:\\\/\\\/csem.org.br\\\/csem_em_foco\\\/remhu-51-migracoes-no-mediterraneo\\\/#breadcrumb\"},\"inLanguage\":\"it-IT\",\"potentialAction\":[{\"@type\":\"ReadAction\",\"target\":[\"https:\\\/\\\/csem.org.br\\\/csem_em_foco\\\/remhu-51-migracoes-no-mediterraneo\\\/\"]}]},{\"@type\":\"ImageObject\",\"inLanguage\":\"it-IT\",\"@id\":\"https:\\\/\\\/csem.org.br\\\/csem_em_foco\\\/remhu-51-migracoes-no-mediterraneo\\\/#primaryimage\",\"url\":\"http:\\\/\\\/csem.org.br\\\/wp-content\\\/uploads\\\/2018\\\/08\\\/Capa_51_peq-400x577.png\",\"contentUrl\":\"http:\\\/\\\/csem.org.br\\\/wp-content\\\/uploads\\\/2018\\\/08\\\/Capa_51_peq-400x577.png\"},{\"@type\":\"BreadcrumbList\",\"@id\":\"https:\\\/\\\/csem.org.br\\\/csem_em_foco\\\/remhu-51-migracoes-no-mediterraneo\\\/#breadcrumb\",\"itemListElement\":[{\"@type\":\"ListItem\",\"position\":1,\"name\":\"In\u00edcio\",\"item\":\"https:\\\/\\\/csem.org.br\\\/en\\\/\"},{\"@type\":\"ListItem\",\"position\":2,\"name\":\"CSEM em foco\",\"item\":\"https:\\\/\\\/csem.org.br\\\/it\\\/csem_em_foco\\\/\"},{\"@type\":\"ListItem\",\"position\":3,\"name\":\"REMHU 51: Migra\u00e7\u00f5es no Mediterr\u00e2neo\"}]},{\"@type\":\"WebSite\",\"@id\":\"https:\\\/\\\/csem.org.br\\\/en\\\/#website\",\"url\":\"https:\\\/\\\/csem.org.br\\\/en\\\/\",\"name\":\"CSEM - Centro Scalabriniano de Estudos Migrat\u00f3rios\",\"description\":\"\",\"publisher\":{\"@id\":\"https:\\\/\\\/csem.org.br\\\/en\\\/#organization\"},\"potentialAction\":[{\"@type\":\"SearchAction\",\"target\":{\"@type\":\"EntryPoint\",\"urlTemplate\":\"https:\\\/\\\/csem.org.br\\\/en\\\/?s={search_term_string}\"},\"query-input\":{\"@type\":\"PropertyValueSpecification\",\"valueRequired\":true,\"valueName\":\"search_term_string\"}}],\"inLanguage\":\"it-IT\"},{\"@type\":\"Organization\",\"@id\":\"https:\\\/\\\/csem.org.br\\\/en\\\/#organization\",\"name\":\"CSEM - Centro Scalabriniano de Estudos Migrat\u00f3rios\",\"url\":\"https:\\\/\\\/csem.org.br\\\/en\\\/\",\"logo\":{\"@type\":\"ImageObject\",\"inLanguage\":\"it-IT\",\"@id\":\"https:\\\/\\\/csem.org.br\\\/en\\\/#\\\/schema\\\/logo\\\/image\\\/\",\"url\":\"https:\\\/\\\/csem.org.br\\\/wp-content\\\/uploads\\\/2023\\\/07\\\/LOGO-2.png\",\"contentUrl\":\"https:\\\/\\\/csem.org.br\\\/wp-content\\\/uploads\\\/2023\\\/07\\\/LOGO-2.png\",\"width\":3620,\"height\":1537,\"caption\":\"CSEM - Centro Scalabriniano de Estudos Migrat\u00f3rios\"},\"image\":{\"@id\":\"https:\\\/\\\/csem.org.br\\\/en\\\/#\\\/schema\\\/logo\\\/image\\\/\"},\"sameAs\":[\"https:\\\/\\\/www.instagram.com\\\/csem_scalabrinianas\\\/\"]}]}<\/script>\n<!-- \/ Yoast SEO plugin. -->","yoast_head_json":{"title":"REMHU 51: Migra\u00e7\u00f5es no Mediterr\u00e2neo - CSEM - Centro Scalabriniano de Estudos Migrat\u00f3rios","robots":{"index":"index","follow":"follow","max-snippet":"max-snippet:-1","max-image-preview":"max-image-preview:large","max-video-preview":"max-video-preview:-1"},"canonical":"https:\/\/csem.org.br\/it\/csem_em_foco\/remhu-51-migracoes-no-mediterraneo\/","og_locale":"it_IT","og_type":"article","og_title":"REMHU 51: Migra\u00e7\u00f5es no Mediterr\u00e2neo - CSEM - Centro Scalabriniano de Estudos Migrat\u00f3rios","og_description":"Acaba de ser publicado o n. 51 da REMHU, Revista Interdisciplinar da Mobilidade Humana com um dossi\u00ea sobre o tema:\u00a0&#8220;Migra\u00e7\u00f5es no Mediterr\u00e2neo: entre fronteiras e acolhimento&#8220;. Todos os artigos est\u00e3o dispon\u00edveis no site SciELO Brasil (www.scielo.br\/remhu). Confira abaixo o sum\u00e1rio: EDITORIAL As migra\u00e7\u00f5es \u201csecurit\u00e1rias\u201d no Mediterr\u00e2neo\u00a0&#8211;\u00a0Roberto Marinucci DOSSI\u00ca: \u201cMIGRA\u00c7\u00d5ES NO MEDITERR\u00c2NEO: ENTRE FRONTEIRAS E ACOLHIMENTO\u201d [&hellip;]","og_url":"https:\/\/csem.org.br\/it\/csem_em_foco\/remhu-51-migracoes-no-mediterraneo\/","og_site_name":"CSEM - Centro Scalabriniano de Estudos Migrat\u00f3rios","article_modified_time":"2023-07-21T19:23:59+00:00","og_image":[{"url":"http:\/\/csem.org.br\/wp-content\/uploads\/2018\/08\/Capa_51_peq-400x577.png","type":"","width":"","height":""}],"twitter_card":"summary_large_image","twitter_misc":{"Tempo di lettura stimato":"2 minuti"},"schema":{"@context":"https:\/\/schema.org","@graph":[{"@type":"WebPage","@id":"https:\/\/csem.org.br\/csem_em_foco\/remhu-51-migracoes-no-mediterraneo\/","url":"https:\/\/csem.org.br\/csem_em_foco\/remhu-51-migracoes-no-mediterraneo\/","name":"REMHU 51: Migra\u00e7\u00f5es no Mediterr\u00e2neo - CSEM - Centro Scalabriniano de Estudos Migrat\u00f3rios","isPartOf":{"@id":"https:\/\/csem.org.br\/en\/#website"},"primaryImageOfPage":{"@id":"https:\/\/csem.org.br\/csem_em_foco\/remhu-51-migracoes-no-mediterraneo\/#primaryimage"},"image":{"@id":"https:\/\/csem.org.br\/csem_em_foco\/remhu-51-migracoes-no-mediterraneo\/#primaryimage"},"thumbnailUrl":"http:\/\/csem.org.br\/wp-content\/uploads\/2018\/08\/Capa_51_peq-400x577.png","datePublished":"2018-01-10T13:48:53+00:00","dateModified":"2023-07-21T19:23:59+00:00","breadcrumb":{"@id":"https:\/\/csem.org.br\/csem_em_foco\/remhu-51-migracoes-no-mediterraneo\/#breadcrumb"},"inLanguage":"it-IT","potentialAction":[{"@type":"ReadAction","target":["https:\/\/csem.org.br\/csem_em_foco\/remhu-51-migracoes-no-mediterraneo\/"]}]},{"@type":"ImageObject","inLanguage":"it-IT","@id":"https:\/\/csem.org.br\/csem_em_foco\/remhu-51-migracoes-no-mediterraneo\/#primaryimage","url":"http:\/\/csem.org.br\/wp-content\/uploads\/2018\/08\/Capa_51_peq-400x577.png","contentUrl":"http:\/\/csem.org.br\/wp-content\/uploads\/2018\/08\/Capa_51_peq-400x577.png"},{"@type":"BreadcrumbList","@id":"https:\/\/csem.org.br\/csem_em_foco\/remhu-51-migracoes-no-mediterraneo\/#breadcrumb","itemListElement":[{"@type":"ListItem","position":1,"name":"In\u00edcio","item":"https:\/\/csem.org.br\/en\/"},{"@type":"ListItem","position":2,"name":"CSEM em foco","item":"https:\/\/csem.org.br\/it\/csem_em_foco\/"},{"@type":"ListItem","position":3,"name":"REMHU 51: Migra\u00e7\u00f5es no Mediterr\u00e2neo"}]},{"@type":"WebSite","@id":"https:\/\/csem.org.br\/en\/#website","url":"https:\/\/csem.org.br\/en\/","name":"CSEM - Centro Scalabriniano di Studi sulle Migrazioni","description":"","publisher":{"@id":"https:\/\/csem.org.br\/en\/#organization"},"potentialAction":[{"@type":"SearchAction","target":{"@type":"EntryPoint","urlTemplate":"https:\/\/csem.org.br\/en\/?s={search_term_string}"},"query-input":{"@type":"PropertyValueSpecification","valueRequired":true,"valueName":"search_term_string"}}],"inLanguage":"it-IT"},{"@type":"Organization","@id":"https:\/\/csem.org.br\/en\/#organization","name":"CSEM - Centro Scalabriniano di Studi sulle Migrazioni","url":"https:\/\/csem.org.br\/en\/","logo":{"@type":"ImageObject","inLanguage":"it-IT","@id":"https:\/\/csem.org.br\/en\/#\/schema\/logo\/image\/","url":"https:\/\/csem.org.br\/wp-content\/uploads\/2023\/07\/LOGO-2.png","contentUrl":"https:\/\/csem.org.br\/wp-content\/uploads\/2023\/07\/LOGO-2.png","width":3620,"height":1537,"caption":"CSEM - Centro Scalabriniano de Estudos Migrat\u00f3rios"},"image":{"@id":"https:\/\/csem.org.br\/en\/#\/schema\/logo\/image\/"},"sameAs":["https:\/\/www.instagram.com\/csem_scalabrinianas\/"]}]}},"_links":{"self":[{"href":"https:\/\/csem.org.br\/it\/wp-json\/wp\/v2\/csem_em_foco\/14368","targetHints":{"allow":["GET"]}}],"collection":[{"href":"https:\/\/csem.org.br\/it\/wp-json\/wp\/v2\/csem_em_foco"}],"about":[{"href":"https:\/\/csem.org.br\/it\/wp-json\/wp\/v2\/types\/csem_em_foco"}],"wp:attachment":[{"href":"https:\/\/csem.org.br\/it\/wp-json\/wp\/v2\/media?parent=14368"}],"wp:term":[{"taxonomy":"category","embeddable":true,"href":"https:\/\/csem.org.br\/it\/wp-json\/wp\/v2\/categories?post=14368"}],"curies":[{"name":"wp","href":"https:\/\/api.w.org\/{rel}","templated":true}]}}