{"id":14376,"date":"2018-05-21T11:54:25","date_gmt":"2018-05-21T14:54:25","guid":{"rendered":"https:\/\/blue-kingfisher-291148.hostingersite.com\/?post_type=csem_em_foco&#038;p=14376"},"modified":"2023-07-21T16:23:59","modified_gmt":"2023-07-21T19:23:59","slug":"remhu-52-direito-a-cidade-segregacao-e-lutas-pela-cidadania","status":"publish","type":"csem_em_foco","link":"https:\/\/csem.org.br\/it\/csem_em_foco\/remhu-52-direito-a-cidade-segregacao-e-lutas-pela-cidadania\/","title":{"rendered":"REMHU 52: Direito \u00e0 cidade: segrega\u00e7\u00e3o e lutas pela cidadania"},"content":{"rendered":"<div class=\"section\">\n<p style=\"text-align: justify;\">Il numero 52 di REMHU, la rivista interdisciplinare sulla mobilit\u00e0 umana, \u00e8 stato appena pubblicato con un dossier sull'argomento:\u00a0<em>\"Diritto alla citt\u00e0: segregazione e lotte per la cittadinanza\".<\/em>\". Tutti gli articoli sono disponibili sul sito web di SciELO Brasile (<a href=\"http:\/\/www.scielo.br\/scielo.php?script=sci_issuetoc&amp;pid=1980-858520170001&amp;lng=pt&amp;nrm=iso\" target=\"_blank\" rel=\"noopener\">www.scielo.br\/remhu<\/a>).<\/p>\n<p>Consultate il riepilogo qui di seguito:<\/p>\n<h4><span style=\"font-size: 1em;\">Editoriale<\/span><\/h4>\n<p><a href=\"http:\/\/www.scielo.br\/pdf\/remhu\/v26n52\/2237-9843-remhu-26-52-007.pdf\" target=\"_blank\" rel=\"noopener\">Il diritto dei migranti e dei rifugiati alla citt\u00e0<\/a>\u00a0- Roberto Marinucci<\/p>\n<\/div>\n<div class=\"section\">\n<h4>Dossier<\/h4>\n<p><a href=\"http:\/\/www.scielo.br\/pdf\/remhu\/v26n52\/2237-9843-remhu-26-52-011.pdf\" target=\"_blank\" rel=\"noopener\">La citt\u00e0-rifugio: una declinazione dell'accoglienza tra solidariet\u00e0 e autonomia<\/a>\u00a0- Filippo Furri<\/p>\n<p><a href=\"http:\/\/www.scielo.br\/pdf\/remhu\/v26n52\/2237-9843-remhu-26-52-037.pdf\" target=\"_blank\" rel=\"noopener\">La costruzione di un soggetto politico: i migranti e la lotta per la casa a Buenos Aires<\/a>\u00a0- Luciana Vaccotti<\/p>\n<div class=\"obj_article_summary\">\n<div class=\"meta\">\n<p class=\"pages\"><a href=\"http:\/\/www.scielo.br\/pdf\/remhu\/v26n52\/2237-9843-remhu-26-52-055.pdf\" target=\"_blank\" rel=\"noopener\">Nonostante la cittadinanza. Autonomia migrante e diritto alla citt\u00e0 L'occupazione dell'Ex-Moi a Torino<\/a>\u00a0- Antonio Stopani, Marta Pampuro<\/p>\n<\/div>\n<\/div>\n<p><a href=\"http:\/\/www.scielo.br\/pdf\/remhu\/v26n52\/2237-9843-remhu-26-52-075.pdf\" target=\"_blank\" rel=\"noopener\">Migranti haitiani e boliviani nella citt\u00e0 di San Paolo: trasformazioni economiche e territorialit\u00e0 migranti<\/a>\u00a0- Lu\u00eds Felipe Aires Magalh\u00e3es, L\u00facia Maria Machado B\u00f3gus, Rosana Baeninger<\/p>\n<p><a href=\"http:\/\/www.scielo.br\/pdf\/remhu\/v26n52\/2237-9843-remhu-26-52-095.pdf\" target=\"_blank\" rel=\"noopener\">\"Bisogna essere belli per vendere\": la produzione senegalese di spazi di vendita a Santa Maria (Rio Grande do Sul, Brasile)\u00a0<\/a>- Filipe Seefeldt de C\u00e9saro, Maria Catarina Chitolina Zanini<\/p>\n<p><a href=\"http:\/\/www.scielo.br\/pdf\/remhu\/v26n52\/2237-9843-remhu-26-52-111.pdf\" target=\"_blank\" rel=\"noopener\">Un'infrastruttura musulmana di arrivo a Rio de Janeiro<\/a>\u00a0- Tilmann Heil<\/p>\n<p><a href=\"http:\/\/www.scielo.br\/pdf\/remhu\/v26n52\/2237-9843-remhu-26-52-131.pdf\" target=\"_blank\" rel=\"noopener\">Si la champa se hunde, yo no me ahogo. Il popolo afrocolombiano: dalla deterritorializzazione ai territori afrourbani<\/a>\u00a0&#8211;\u00a0Santiago\u00a0Ram\u00edrez Sarabia<\/p>\n<p class=\"pages\"><a href=\"http:\/\/www.scielo.br\/pdf\/remhu\/v26n52\/2237-9843-remhu-26-52-149.pdf\" target=\"_blank\" rel=\"noopener\">Governare la migrazione e la diversit\u00e0 urbana a Citt\u00e0 del Messico: una riflessione critica sulla Legge Interculturale<\/a>\u00a0- Roberta Marzorati, Giovanna Marconi<\/p>\n<p class=\"pages\"><a href=\"http:\/\/www.scielo.br\/pdf\/remhu\/v26n52\/2237-9843-remhu-26-52-167.pdf\" target=\"_blank\" rel=\"noopener\">L'autobus come spazio pubblico. Multiculturalismo ed etnografia urbana a Milano<\/a>\u00a0- Paola Briata, Massimo Bricocoli, Martina Bovo<\/p>\n<p class=\"pages\"><a href=\"http:\/\/www.scielo.br\/pdf\/remhu\/v26n52\/2237-9843-remhu-26-52-189.pdf\" target=\"_blank\" rel=\"noopener\">Dietro i modelli di insediamento: interrogare le mappe di distribuzione spaziale dei migranti regionali nella conurbazione di Gran Buenos Aires<\/a>\u00a0- Gabriela Mera<\/p>\n<\/div>\n<p class=\"section\"><strong>Articoli<\/strong><\/p>\n<p><a href=\"http:\/\/www.scielo.br\/pdf\/remhu\/v26n52\/2237-9843-remhu-26-52-209.pdf\" target=\"_blank\" rel=\"noopener\">L'assistenza alle famiglie con figli disabili nelle controversie migratorie. Scenari che includono Bologna<\/a>\u00a0- Emanuela Bini<\/p>\n<p class=\"pages\"><a href=\"http:\/\/www.scielo.br\/pdf\/remhu\/v26n52\/2237-9843-remhu-26-52-223.pdf\" target=\"_blank\" rel=\"noopener\">La percezione brasiliana del processo di adattamento culturale al Giappone<\/a>\u00a0- Jesselyn Nayara Tashima, Cl\u00e1udio Vaz Torres<\/p>\n<p class=\"pages\"><a href=\"http:\/\/www.scielo.br\/pdf\/remhu\/v26n52\/2237-9843-remhu-26-52-243.pdf\" target=\"_blank\" rel=\"noopener\">Confrontarsi con il discorso dominante: le rimesse dalla prospettiva dell'esperienza messicana<\/a>\u00a0- Ra\u00fal Delgado Wise, Selene Gaspar Olvera<\/p>\n<p class=\"pages\"><strong>Rapporti e riflessioni<\/strong><\/p>\n<p><a href=\"http:\/\/www.scielo.br\/pdf\/remhu\/v26n52\/2237-9843-remhu-26-52-265.pdf\" target=\"_blank\" rel=\"noopener\">Strategie di mediazione nel processo di integrazione tra immigrati e chiesa locale. L'esperienza della pastorale gay interculturale nel contesto ceco<\/a>\u00a0- Milva Caro<\/p>\n<p class=\"pages\"><strong>Recensioni, tesi e dissertazioni<\/strong><\/p>\n<p><a href=\"http:\/\/www.scielo.br\/pdf\/remhu\/v26n52\/2237-9843-remhu-26-52-273.pdf\" target=\"_blank\" rel=\"noopener\">Brasiliani negli Stati Uniti - Mezzo secolo di (ri)creazione dell'America (1960 - 2010)<\/a>\u00a0- Alanni de Lacerda Barbosa de Castro, Alvaro Eduardo de Castro Lima<\/p>\n<p class=\"pages\"><strong><a href=\"http:\/\/www.scielo.br\/pdf\/remhu\/v26n52\/2237-9843-remhu-26-52-276.pdf\" target=\"_blank\" rel=\"noopener\">Errata corrige<\/a><\/strong><\/p>\n<p class=\"pages\" style=\"text-align: center;\"><strong><img fetchpriority=\"high\" decoding=\"async\" class=\"alignleft size-400 wp-image-14377\" src=\"http:\/\/csem.org.br\/wp-content\/uploads\/2018\/08\/REMHU_52_v2-400x567.png\" alt=\"\" width=\"400\" height=\"567\" \/><\/strong><\/p>","protected":false},"featured_media":0,"parent":0,"template":"","categories":[43],"class_list":["post-14376","csem_em_foco","type-csem_em_foco","status-publish","hentry","category-2018-csem-em-foco"],"acf":[],"yoast_head":"<!-- This site is optimized with the Yoast SEO plugin v28.4 - https:\/\/yoast.com\/product\/yoast-seo-wordpress\/ -->\n<title>REMHU 52: Direito \u00e0 cidade: segrega\u00e7\u00e3o e lutas pela cidadania - CSEM - Centro Scalabriniano de Estudos Migrat\u00f3rios<\/title>\n<meta name=\"robots\" content=\"index, follow, max-snippet:-1, max-image-preview:large, max-video-preview:-1\" \/>\n<link rel=\"canonical\" href=\"https:\/\/csem.org.br\/it\/csem_em_foco\/remhu-52-direito-a-cidade-segregacao-e-lutas-pela-cidadania\/\" \/>\n<meta property=\"og:locale\" content=\"it_IT\" \/>\n<meta property=\"og:type\" content=\"article\" \/>\n<meta property=\"og:title\" content=\"REMHU 52: Direito \u00e0 cidade: segrega\u00e7\u00e3o e lutas pela cidadania - CSEM - Centro Scalabriniano de Estudos Migrat\u00f3rios\" \/>\n<meta property=\"og:description\" content=\"Acaba de ser publicado o n. 52 da REMHU, Revista Interdisciplinar da Mobilidade Humana com um dossi\u00ea sobre o tema:\u00a0&#8220;Direito \u00e0 cidade: segrega\u00e7\u00e3o e lutas pela cidadania&#8220;. Todos os artigos est\u00e3o dispon\u00edveis no site SciELO Brasil (www.scielo.br\/remhu). Confira abaixo o sum\u00e1rio: Editorial Direito \u00e0 cidade de migrantes e refugiados\u00a0&#8211; Roberto Marinucci Dossi\u00ea La citt\u00e0-rifugio: una [&hellip;]\" \/>\n<meta property=\"og:url\" content=\"https:\/\/csem.org.br\/it\/csem_em_foco\/remhu-52-direito-a-cidade-segregacao-e-lutas-pela-cidadania\/\" \/>\n<meta property=\"og:site_name\" content=\"CSEM - Centro Scalabriniano de Estudos Migrat\u00f3rios\" \/>\n<meta property=\"article:modified_time\" content=\"2023-07-21T19:23:59+00:00\" \/>\n<meta property=\"og:image\" content=\"http:\/\/csem.org.br\/wp-content\/uploads\/2018\/08\/REMHU_52_v2-400x567.png\" \/>\n<meta name=\"twitter:card\" content=\"summary_large_image\" \/>\n<meta name=\"twitter:label1\" content=\"Tempo di lettura stimato\" \/>\n\t<meta name=\"twitter:data1\" content=\"2 minuti\" \/>\n<script type=\"application\/ld+json\" class=\"yoast-schema-graph\">{\"@context\":\"https:\\\/\\\/schema.org\",\"@graph\":[{\"@type\":\"WebPage\",\"@id\":\"https:\\\/\\\/csem.org.br\\\/it\\\/csem_em_foco\\\/remhu-52-direito-a-cidade-segregacao-e-lutas-pela-cidadania\\\/\",\"url\":\"https:\\\/\\\/csem.org.br\\\/it\\\/csem_em_foco\\\/remhu-52-direito-a-cidade-segregacao-e-lutas-pela-cidadania\\\/\",\"name\":\"REMHU 52: Direito \u00e0 cidade: segrega\u00e7\u00e3o e lutas pela cidadania - CSEM - Centro Scalabriniano de Estudos Migrat\u00f3rios\",\"isPartOf\":{\"@id\":\"https:\\\/\\\/csem.org.br\\\/en\\\/#website\"},\"primaryImageOfPage\":{\"@id\":\"https:\\\/\\\/csem.org.br\\\/it\\\/csem_em_foco\\\/remhu-52-direito-a-cidade-segregacao-e-lutas-pela-cidadania\\\/#primaryimage\"},\"image\":{\"@id\":\"https:\\\/\\\/csem.org.br\\\/it\\\/csem_em_foco\\\/remhu-52-direito-a-cidade-segregacao-e-lutas-pela-cidadania\\\/#primaryimage\"},\"thumbnailUrl\":\"http:\\\/\\\/csem.org.br\\\/wp-content\\\/uploads\\\/2018\\\/08\\\/REMHU_52_v2-400x567.png\",\"datePublished\":\"2018-05-21T14:54:25+00:00\",\"dateModified\":\"2023-07-21T19:23:59+00:00\",\"breadcrumb\":{\"@id\":\"https:\\\/\\\/csem.org.br\\\/it\\\/csem_em_foco\\\/remhu-52-direito-a-cidade-segregacao-e-lutas-pela-cidadania\\\/#breadcrumb\"},\"inLanguage\":\"it-IT\",\"potentialAction\":[{\"@type\":\"ReadAction\",\"target\":[\"https:\\\/\\\/csem.org.br\\\/it\\\/csem_em_foco\\\/remhu-52-direito-a-cidade-segregacao-e-lutas-pela-cidadania\\\/\"]}]},{\"@type\":\"ImageObject\",\"inLanguage\":\"it-IT\",\"@id\":\"https:\\\/\\\/csem.org.br\\\/it\\\/csem_em_foco\\\/remhu-52-direito-a-cidade-segregacao-e-lutas-pela-cidadania\\\/#primaryimage\",\"url\":\"http:\\\/\\\/csem.org.br\\\/wp-content\\\/uploads\\\/2018\\\/08\\\/REMHU_52_v2-400x567.png\",\"contentUrl\":\"http:\\\/\\\/csem.org.br\\\/wp-content\\\/uploads\\\/2018\\\/08\\\/REMHU_52_v2-400x567.png\"},{\"@type\":\"BreadcrumbList\",\"@id\":\"https:\\\/\\\/csem.org.br\\\/it\\\/csem_em_foco\\\/remhu-52-direito-a-cidade-segregacao-e-lutas-pela-cidadania\\\/#breadcrumb\",\"itemListElement\":[{\"@type\":\"ListItem\",\"position\":1,\"name\":\"In\u00edcio\",\"item\":\"https:\\\/\\\/csem.org.br\\\/en\\\/\"},{\"@type\":\"ListItem\",\"position\":2,\"name\":\"CSEM em foco\",\"item\":\"https:\\\/\\\/csem.org.br\\\/it\\\/csem_em_foco\\\/\"},{\"@type\":\"ListItem\",\"position\":3,\"name\":\"REMHU 52: Direito \u00e0 cidade: segrega\u00e7\u00e3o e lutas pela cidadania\"}]},{\"@type\":\"WebSite\",\"@id\":\"https:\\\/\\\/csem.org.br\\\/en\\\/#website\",\"url\":\"https:\\\/\\\/csem.org.br\\\/en\\\/\",\"name\":\"CSEM - Centro Scalabriniano de Estudos Migrat\u00f3rios\",\"description\":\"\",\"publisher\":{\"@id\":\"https:\\\/\\\/csem.org.br\\\/en\\\/#organization\"},\"potentialAction\":[{\"@type\":\"SearchAction\",\"target\":{\"@type\":\"EntryPoint\",\"urlTemplate\":\"https:\\\/\\\/csem.org.br\\\/en\\\/?s={search_term_string}\"},\"query-input\":{\"@type\":\"PropertyValueSpecification\",\"valueRequired\":true,\"valueName\":\"search_term_string\"}}],\"inLanguage\":\"it-IT\"},{\"@type\":\"Organization\",\"@id\":\"https:\\\/\\\/csem.org.br\\\/en\\\/#organization\",\"name\":\"CSEM - Centro Scalabriniano de Estudos Migrat\u00f3rios\",\"url\":\"https:\\\/\\\/csem.org.br\\\/en\\\/\",\"logo\":{\"@type\":\"ImageObject\",\"inLanguage\":\"it-IT\",\"@id\":\"https:\\\/\\\/csem.org.br\\\/en\\\/#\\\/schema\\\/logo\\\/image\\\/\",\"url\":\"https:\\\/\\\/csem.org.br\\\/wp-content\\\/uploads\\\/2023\\\/07\\\/LOGO-2.png\",\"contentUrl\":\"https:\\\/\\\/csem.org.br\\\/wp-content\\\/uploads\\\/2023\\\/07\\\/LOGO-2.png\",\"width\":3620,\"height\":1537,\"caption\":\"CSEM - Centro Scalabriniano de Estudos Migrat\u00f3rios\"},\"image\":{\"@id\":\"https:\\\/\\\/csem.org.br\\\/en\\\/#\\\/schema\\\/logo\\\/image\\\/\"},\"sameAs\":[\"https:\\\/\\\/www.instagram.com\\\/csem_scalabrinianas\\\/\"]}]}<\/script>\n<!-- \/ Yoast SEO plugin. -->","yoast_head_json":{"title":"REMHU 52: Direito \u00e0 cidade: segrega\u00e7\u00e3o e lutas pela cidadania - CSEM - Centro Scalabriniano de Estudos Migrat\u00f3rios","robots":{"index":"index","follow":"follow","max-snippet":"max-snippet:-1","max-image-preview":"max-image-preview:large","max-video-preview":"max-video-preview:-1"},"canonical":"https:\/\/csem.org.br\/it\/csem_em_foco\/remhu-52-direito-a-cidade-segregacao-e-lutas-pela-cidadania\/","og_locale":"it_IT","og_type":"article","og_title":"REMHU 52: Direito \u00e0 cidade: segrega\u00e7\u00e3o e lutas pela cidadania - CSEM - Centro Scalabriniano de Estudos Migrat\u00f3rios","og_description":"Acaba de ser publicado o n. 52 da REMHU, Revista Interdisciplinar da Mobilidade Humana com um dossi\u00ea sobre o tema:\u00a0&#8220;Direito \u00e0 cidade: segrega\u00e7\u00e3o e lutas pela cidadania&#8220;. Todos os artigos est\u00e3o dispon\u00edveis no site SciELO Brasil (www.scielo.br\/remhu). Confira abaixo o sum\u00e1rio: Editorial Direito \u00e0 cidade de migrantes e refugiados\u00a0&#8211; Roberto Marinucci Dossi\u00ea La citt\u00e0-rifugio: una [&hellip;]","og_url":"https:\/\/csem.org.br\/it\/csem_em_foco\/remhu-52-direito-a-cidade-segregacao-e-lutas-pela-cidadania\/","og_site_name":"CSEM - Centro Scalabriniano de Estudos Migrat\u00f3rios","article_modified_time":"2023-07-21T19:23:59+00:00","og_image":[{"url":"http:\/\/csem.org.br\/wp-content\/uploads\/2018\/08\/REMHU_52_v2-400x567.png","type":"","width":"","height":""}],"twitter_card":"summary_large_image","twitter_misc":{"Tempo di lettura stimato":"2 minuti"},"schema":{"@context":"https:\/\/schema.org","@graph":[{"@type":"WebPage","@id":"https:\/\/csem.org.br\/it\/csem_em_foco\/remhu-52-direito-a-cidade-segregacao-e-lutas-pela-cidadania\/","url":"https:\/\/csem.org.br\/it\/csem_em_foco\/remhu-52-direito-a-cidade-segregacao-e-lutas-pela-cidadania\/","name":"REMHU 52: Direito \u00e0 cidade: segrega\u00e7\u00e3o e lutas pela cidadania - CSEM - Centro Scalabriniano de Estudos Migrat\u00f3rios","isPartOf":{"@id":"https:\/\/csem.org.br\/en\/#website"},"primaryImageOfPage":{"@id":"https:\/\/csem.org.br\/it\/csem_em_foco\/remhu-52-direito-a-cidade-segregacao-e-lutas-pela-cidadania\/#primaryimage"},"image":{"@id":"https:\/\/csem.org.br\/it\/csem_em_foco\/remhu-52-direito-a-cidade-segregacao-e-lutas-pela-cidadania\/#primaryimage"},"thumbnailUrl":"http:\/\/csem.org.br\/wp-content\/uploads\/2018\/08\/REMHU_52_v2-400x567.png","datePublished":"2018-05-21T14:54:25+00:00","dateModified":"2023-07-21T19:23:59+00:00","breadcrumb":{"@id":"https:\/\/csem.org.br\/it\/csem_em_foco\/remhu-52-direito-a-cidade-segregacao-e-lutas-pela-cidadania\/#breadcrumb"},"inLanguage":"it-IT","potentialAction":[{"@type":"ReadAction","target":["https:\/\/csem.org.br\/it\/csem_em_foco\/remhu-52-direito-a-cidade-segregacao-e-lutas-pela-cidadania\/"]}]},{"@type":"ImageObject","inLanguage":"it-IT","@id":"https:\/\/csem.org.br\/it\/csem_em_foco\/remhu-52-direito-a-cidade-segregacao-e-lutas-pela-cidadania\/#primaryimage","url":"http:\/\/csem.org.br\/wp-content\/uploads\/2018\/08\/REMHU_52_v2-400x567.png","contentUrl":"http:\/\/csem.org.br\/wp-content\/uploads\/2018\/08\/REMHU_52_v2-400x567.png"},{"@type":"BreadcrumbList","@id":"https:\/\/csem.org.br\/it\/csem_em_foco\/remhu-52-direito-a-cidade-segregacao-e-lutas-pela-cidadania\/#breadcrumb","itemListElement":[{"@type":"ListItem","position":1,"name":"In\u00edcio","item":"https:\/\/csem.org.br\/en\/"},{"@type":"ListItem","position":2,"name":"CSEM em foco","item":"https:\/\/csem.org.br\/it\/csem_em_foco\/"},{"@type":"ListItem","position":3,"name":"REMHU 52: Direito \u00e0 cidade: segrega\u00e7\u00e3o e lutas pela cidadania"}]},{"@type":"WebSite","@id":"https:\/\/csem.org.br\/en\/#website","url":"https:\/\/csem.org.br\/en\/","name":"CSEM - Centro Scalabriniano di Studi sulle Migrazioni","description":"","publisher":{"@id":"https:\/\/csem.org.br\/en\/#organization"},"potentialAction":[{"@type":"SearchAction","target":{"@type":"EntryPoint","urlTemplate":"https:\/\/csem.org.br\/en\/?s={search_term_string}"},"query-input":{"@type":"PropertyValueSpecification","valueRequired":true,"valueName":"search_term_string"}}],"inLanguage":"it-IT"},{"@type":"Organization","@id":"https:\/\/csem.org.br\/en\/#organization","name":"CSEM - Centro Scalabriniano di Studi sulle Migrazioni","url":"https:\/\/csem.org.br\/en\/","logo":{"@type":"ImageObject","inLanguage":"it-IT","@id":"https:\/\/csem.org.br\/en\/#\/schema\/logo\/image\/","url":"https:\/\/csem.org.br\/wp-content\/uploads\/2023\/07\/LOGO-2.png","contentUrl":"https:\/\/csem.org.br\/wp-content\/uploads\/2023\/07\/LOGO-2.png","width":3620,"height":1537,"caption":"CSEM - Centro Scalabriniano de Estudos Migrat\u00f3rios"},"image":{"@id":"https:\/\/csem.org.br\/en\/#\/schema\/logo\/image\/"},"sameAs":["https:\/\/www.instagram.com\/csem_scalabrinianas\/"]}]}},"_links":{"self":[{"href":"https:\/\/csem.org.br\/it\/wp-json\/wp\/v2\/csem_em_foco\/14376","targetHints":{"allow":["GET"]}}],"collection":[{"href":"https:\/\/csem.org.br\/it\/wp-json\/wp\/v2\/csem_em_foco"}],"about":[{"href":"https:\/\/csem.org.br\/it\/wp-json\/wp\/v2\/types\/csem_em_foco"}],"wp:attachment":[{"href":"https:\/\/csem.org.br\/it\/wp-json\/wp\/v2\/media?parent=14376"}],"wp:term":[{"taxonomy":"category","embeddable":true,"href":"https:\/\/csem.org.br\/it\/wp-json\/wp\/v2\/categories?post=14376"}],"curies":[{"name":"wp","href":"https:\/\/api.w.org\/{rel}","templated":true}]}}